{"id":4671,"date":"2022-07-24T19:26:54","date_gmt":"2022-07-24T19:26:54","guid":{"rendered":"https:\/\/forbetterpurpose.eu\/blog\/"},"modified":"2024-11-13T13:58:15","modified_gmt":"2024-11-13T13:58:15","slug":"perspectivas","status":"publish","type":"page","link":"https:\/\/forbetterpurpose.eu\/es\/perspectivas\/","title":{"rendered":"Perspectivas"},"content":{"rendered":"<p><div class=\"fusion-fullwidth fullwidth-box fusion-builder-row-1 fusion-flex-container has-pattern-background has-mask-background nonhundred-percent-fullwidth non-hundred-percent-height-scrolling fusion-no-small-visibility\" style=\"background-color: rgba(255,255,255,0);background-position: center center;background-repeat: no-repeat;border-width: 0px 0px 0px 0px;border-color:var(--awb-color3);border-style:solid;\" ><div class=\"fusion-builder-row fusion-row fusion-flex-align-items-flex-start\" style=\"max-width:1248px;margin-left: calc(-4% \/ 2 );margin-right: calc(-4% \/ 2 );\"><div class=\"fusion-layout-column fusion_builder_column fusion-builder-column-0 fusion_builder_column_1_1 1_1 fusion-flex-column\"><div class=\"fusion-column-wrapper fusion-flex-justify-content-flex-start fusion-content-layout-column\" style=\"background-position:left top;background-repeat:no-repeat;-webkit-background-size:cover;-moz-background-size:cover;-o-background-size:cover;background-size:cover;padding: 0px 0px 0px 0px;\"><style type=\"text\/css\">@media only screen and (max-width:1024px) {.fusion-title.fusion-title-1{margin-top:10px!important; margin-right:0px!important;margin-bottom:15px!important;margin-left:0px!important;}}@media only screen and (max-width:640px) {.fusion-title.fusion-title-1{margin-top:10px!important; margin-right:0px!important;margin-bottom:10px!important; margin-left:0px!important;}}<\/style><div class=\"fusion-title title fusion-title-1 fusion-sep-none fusion-title-center fusion-title-text fusion-title-size-one\" style=\"margin-top:10px;margin-right:0px;margin-bottom:15px;margin-left:0px;\"><h1 class=\"title-heading-center\" style=\"margin:0;color:var(--awb-color8);\"><h1 style=\"text-align: center;\">\n            <strong>Perspectivas<\/strong><br \/>\n          <\/h1><\/h1><\/div><\/div><style type=\"text\/css\">.fusion-body .fusion-builder-column-0{width:100% !important;margin-top : 0px;margin-bottom : 20px;}.fusion-builder-column-0 > .fusion-column-wrapper {padding-top : 0px !important;padding-right : 0px !important;margin-right : 1.92%;padding-bottom : 0px !important;padding-left : 0px !important;margin-left : 1.92%;}@media only screen and (max-width:1024px) {.fusion-body .fusion-builder-column-0{width:100% !important;order : 0;}.fusion-builder-column-0 > .fusion-column-wrapper {margin-right : 1.92%;margin-left : 1.92%;}}@media only screen and (max-width:640px) {.fusion-body .fusion-builder-column-0{width:50% !important;order : 0;margin-top : 120px;}.fusion-builder-column-0 > .fusion-column-wrapper {margin-right : 3.84%;margin-left : 3.84%;}}<\/style><\/div><div class=\"fusion-layout-column fusion_builder_column fusion-builder-column-1 fusion_builder_column_1_3 1_3 fusion-flex-column\"><div class=\"fusion-column-wrapper fusion-flex-justify-content-flex-start fusion-content-layout-column\" style=\"background-position:left top;background-repeat:no-repeat;-webkit-background-size:cover;-moz-background-size:cover;-o-background-size:cover;background-size:cover;padding: 0px 0px 0px 0px;\"><div ><style>.fusion-imageframe.imageframe-1{ margin-bottom : 15px;}.fusion-imageframe.imageframe-1 img{aspect-ratio:2 \/ 1;}<\/style><span class=\" fusion-imageframe imageframe-none imageframe-1 hover-type-none has-aspect-ratio\"><a class=\"fusion-no-lightbox\" href=\"https:\/\/polahoda.cz\/omezeni_kapitalizace_ve_tvorive_spolecnosti\" target=\"_blank\" aria-label=\"a46fd-omezeni_kapitalizace-\" rel=\"noopener noreferrer\"><img decoding=\"async\" width=\"1024\" height=\"510\" src=\"https:\/\/forbetterpurpose.eu\/wp-content\/uploads\/2022\/09\/a46fd-omezeni_kapitalizace--e1730900703130.jpeg\" class=\"img-responsive wp-image-3274 img-with-aspect-ratio\" alt \/><\/a><\/span><\/div><div class=\"fusion-text fusion-text-1\" style=\"font-size:20px;line-height:1.4;color:var(--awb-color8);\"><p id=\"tw-target-text\" class=\"tw-data-text tw-text-large tw-ta\" dir=\"ltr\" data-placeholder=\"Translation\" aria-label=\"Translated text\" data-ved=\"2ahUKEwij-ZjJve-FAxWGh_0HHSujAJEQ3ewLegQIBRAU\">\n            <a href=\"https:\/\/polahoda.cz\/omezeni_kapitalizace_ve_tvorive_spolecnosti\" target=\"_blank\" rel=\"noopener\"><br \/>\n              <strong><br \/>\n                <span class=\"Y2IQFc\" lang=\"en\">\u00bfQu\u00e9 significa la limitaci\u00f3n de capitalizaci\u00f3n en la Sociedad Creativa?<\/span><br \/>\n              <\/strong><br \/>\n            <\/a>\n          <\/p>\n<\/div><div class=\"fusion-text fusion-text-2\" style=\"font-size:var(--awb-typography4-font-size);line-height:1.4;color:var(--awb-color6);\"><p id=\"tw-target-text\" class=\"tw-data-text tw-text-large tw-ta\" dir=\"ltr\" data-placeholder=\"Translation\" aria-label=\"Translated text\" data-ved=\"2ahUKEwij-ZjJve-FAxWGh_0HHSujAJEQ3ewLegQIBRAU\">\n            <a href=\"https:\/\/polahoda.cz\/omezeni_kapitalizace_ve_tvorive_spolecnosti\" target=\"_blank\" rel=\"noopener\"><br \/>\n              <span class=\"Y2IQFc\" lang=\"en\">Nuestro sistema econ\u00f3mico actual es b\u00e1sicamente la b\u00fasqueda de la \u00abmaximizaci\u00f3n del beneficio\u00bb. Dio origen a innumerables problemas en el mundo: pobreza, hambre, esclavitud, violencia y guerras. En este formato consumista, nuestra vida carece de valor, se ha convertido en un mero medio para ganar dinero.<\/span><br \/>\n            <\/a>\n          <\/p>\n<\/div><div class=\"fusion-text fusion-text-3\" style=\"font-size:var(--awb-typography4-font-size);line-height:0.8;color:var(--awb-color8);font-family:Arial, Helvetica, sans-serif;font-weight:400;\"><p>\n            <u><br \/>\n              <a href=\"https:\/\/polahoda.cz\/omezeni_kapitalizace_ve_tvorive_spolecnosti\" target=\"_blank\" rel=\"noopener\">Leer m\u00e1s<\/a><br \/>\n              <u><\/u><br \/>\n            <\/u>\n          <\/p>\n<\/div><\/div><style type=\"text\/css\">.fusion-body .fusion-builder-column-1{width:33.333333333333% !important;margin-top : 0px;margin-bottom : 20px;}.fusion-builder-column-1 > .fusion-column-wrapper {padding-top : 0px !important;padding-right : 0px !important;margin-right : 5.76%;padding-bottom : 0px !important;padding-left : 0px !important;margin-left : 5.76%;}@media only screen and (max-width:1024px) {.fusion-body .fusion-builder-column-1{width:33.333333333333% !important;order : 0;}.fusion-builder-column-1 > .fusion-column-wrapper {margin-right : 5.76%;margin-left : 5.76%;}}@media only screen and (max-width:640px) {.fusion-body .fusion-builder-column-1{width:100% !important;order : 0;}.fusion-builder-column-1 > .fusion-column-wrapper {margin-right : 1.92%;margin-left : 1.92%;}}<\/style><\/div><div class=\"fusion-layout-column fusion_builder_column fusion-builder-column-2 fusion_builder_column_1_3 1_3 fusion-flex-column\"><div class=\"fusion-column-wrapper fusion-flex-justify-content-flex-start fusion-content-layout-column\" style=\"background-position:left top;background-repeat:no-repeat;-webkit-background-size:cover;-moz-background-size:cover;-o-background-size:cover;background-size:cover;padding: 0px 0px 0px 0px;\"><div ><style>.fusion-imageframe.imageframe-2{ margin-bottom : 15px;}.fusion-imageframe.imageframe-2 img{aspect-ratio:2 \/ 1;object-position:49% 83%;}<\/style><span class=\" fusion-imageframe imageframe-none imageframe-2 hover-type-none has-aspect-ratio\"><a class=\"fusion-no-lightbox\" href=\"https:\/\/www.stockland.com.au\/shopping-centres\/everyday-ideas\/gallery\/fun-facts-about-sustainability\" target=\"_blank\" aria-label=\"0622_SL National_Sustainability Products_Header_900x675\" rel=\"noopener noreferrer\"><img decoding=\"async\" width=\"900\" height=\"675\" src=\"https:\/\/forbetterpurpose.eu\/wp-content\/uploads\/2024\/05\/0622_SL-National_Sustainability-Products_Header_900x675-1.jpg\" class=\"img-responsive wp-image-4761 img-with-aspect-ratio\" alt srcset=\"https:\/\/forbetterpurpose.eu\/wp-content\/uploads\/2024\/05\/0622_SL-National_Sustainability-Products_Header_900x675-1-200x150.jpg 200w, https:\/\/forbetterpurpose.eu\/wp-content\/uploads\/2024\/05\/0622_SL-National_Sustainability-Products_Header_900x675-1-400x300.jpg 400w, https:\/\/forbetterpurpose.eu\/wp-content\/uploads\/2024\/05\/0622_SL-National_Sustainability-Products_Header_900x675-1-600x450.jpg 600w, https:\/\/forbetterpurpose.eu\/wp-content\/uploads\/2024\/05\/0622_SL-National_Sustainability-Products_Header_900x675-1-800x600.jpg 800w, https:\/\/forbetterpurpose.eu\/wp-content\/uploads\/2024\/05\/0622_SL-National_Sustainability-Products_Header_900x675-1.jpg 900w\" sizes=\"(max-width: 640px) 100vw, 400px\" \/><\/a><\/span><\/div><div class=\"fusion-text fusion-text-4\" style=\"font-size:20px;line-height:1.4;color:var(--awb-color8);\"><p>\n            <a href=\"https:\/\/www.stockland.com.au\/shopping-centres\/everyday-ideas\/gallery\/fun-facts-about-sustainability\" target=\"_blank\" rel=\"noopener\"><br \/>\n              <strong>\u00bfQuieres ser ecol\u00f3gico? Aqu\u00ed tienes 20 datos curiosos sobre la sostenibilidad<\/strong><br \/>\n            <\/a>\n          <\/p>\n<\/div><div class=\"fusion-text fusion-text-5\" style=\"font-size:var(--awb-typography4-font-size);line-height:1.4;color:var(--awb-color6);\"><p>\n            <a href=\"https:\/\/www.stockland.com.au\/shopping-centres\/everyday-ideas\/gallery\/fun-facts-about-sustainability\" target=\"_blank\" rel=\"noopener\">Profundicemos en lo que podemos hacer para cuidar nuestro impresionante entorno natural con 20 datos sobre sostenibilidad que nos ayudar\u00e1n a apoyar la tierra que nos dio la vida.<\/a>\n          <\/p>\n<\/div><div class=\"fusion-text fusion-text-6\" style=\"font-size:var(--awb-typography4-font-size);line-height:0.8;color:var(--awb-color8);font-family:Arial, Helvetica, sans-serif;font-weight:400;\"><p>\n            <u><br \/>\n              <a href=\"https:\/\/www.stockland.com.au\/shopping-centres\/everyday-ideas\/gallery\/fun-facts-about-sustainability\" target=\"_blank\" rel=\"noopener\">Leer m\u00e1s<\/a><br \/>\n              <u><\/u><br \/>\n            <\/u>\n          <\/p>\n<\/div><\/div><style type=\"text\/css\">.fusion-body .fusion-builder-column-2{width:33.333333333333% !important;margin-top : 0px;margin-bottom : 20px;}.fusion-builder-column-2 > .fusion-column-wrapper {padding-top : 0px !important;padding-right : 0px !important;margin-right : 5.76%;padding-bottom : 0px !important;padding-left : 0px !important;margin-left : 5.76%;}@media only screen and (max-width:1024px) {.fusion-body .fusion-builder-column-2{width:33.333333333333% !important;order : 0;}.fusion-builder-column-2 > .fusion-column-wrapper {margin-right : 5.76%;margin-left : 5.76%;}}@media only screen and (max-width:640px) {.fusion-body .fusion-builder-column-2{width:100% !important;order : 0;}.fusion-builder-column-2 > .fusion-column-wrapper {margin-right : 1.92%;margin-left : 1.92%;}}<\/style><\/div><div class=\"fusion-layout-column fusion_builder_column fusion-builder-column-3 fusion_builder_column_1_3 1_3 fusion-flex-column\"><div class=\"fusion-column-wrapper fusion-flex-justify-content-flex-start fusion-content-layout-column\" style=\"background-position:left top;background-repeat:no-repeat;-webkit-background-size:cover;-moz-background-size:cover;-o-background-size:cover;background-size:cover;padding: 0px 0px 0px 0px;\"><div ><style>.fusion-imageframe.imageframe-3{ margin-bottom : 15px;}.fusion-imageframe.imageframe-3 img{aspect-ratio:2 \/ 1;object-position:50% 6%;}<\/style><span class=\" fusion-imageframe imageframe-none imageframe-3 hover-type-none has-aspect-ratio\"><a class=\"fusion-no-lightbox\" href=\"https:\/\/www.nationalgeographic.com\/science\/article\/fishermen-kerala-india-recycle-plastic-pollution-culture\" target=\"_blank\" aria-label=\"Kerala-fishermen-nets-repair_3x2\" rel=\"noopener noreferrer\"><img decoding=\"async\" width=\"1436\" height=\"957\" src=\"https:\/\/forbetterpurpose.eu\/wp-content\/uploads\/2024\/05\/Kerala-fishermen-nets-repair_3x2.jpg\" class=\"img-responsive wp-image-4742 img-with-aspect-ratio\" alt srcset=\"https:\/\/forbetterpurpose.eu\/wp-content\/uploads\/2024\/05\/Kerala-fishermen-nets-repair_3x2-200x133.jpg 200w, https:\/\/forbetterpurpose.eu\/wp-content\/uploads\/2024\/05\/Kerala-fishermen-nets-repair_3x2-400x267.jpg 400w, https:\/\/forbetterpurpose.eu\/wp-content\/uploads\/2024\/05\/Kerala-fishermen-nets-repair_3x2-600x400.jpg 600w, https:\/\/forbetterpurpose.eu\/wp-content\/uploads\/2024\/05\/Kerala-fishermen-nets-repair_3x2-800x533.jpg 800w, https:\/\/forbetterpurpose.eu\/wp-content\/uploads\/2024\/05\/Kerala-fishermen-nets-repair_3x2-1200x800.jpg 1200w, https:\/\/forbetterpurpose.eu\/wp-content\/uploads\/2024\/05\/Kerala-fishermen-nets-repair_3x2.jpg 1436w\" sizes=\"(max-width: 640px) 100vw, 400px\" \/><\/a><\/span><\/div><div class=\"fusion-text fusion-text-7\" style=\"font-size:20px;line-height:1.4;color:var(--awb-color8);\"><p class=\"vMjAx UdOCY WaKtx eHrJ mTgUP WimTs \">\n            <a href=\"https:\/\/www.nationalgeographic.com\/science\/article\/fishermen-kerala-india-recycle-plastic-pollution-culture\" target=\"_blank\" rel=\"noopener\"><br \/>\n              <strong><br \/>\n                <span class=\"gtOSm FbbUW tUtYa vOCwz EQwFq yCufu eEak Qmvg nyTIa SRXVc vzLa jgBfc WXDas CiUCW kqbG zrdEG txGfn ygKVe BbezD UOtxr CVfpq xijV soGRS XgdC sEIlf daWqJ \">C\u00f3mo los pescadores de la India convierten el pl\u00e1stico del oc\u00e9ano en carreteras<\/span><br \/>\n              <\/strong><br \/>\n            <\/a>\n          <\/p>\n<\/div><div class=\"fusion-text fusion-text-8\" style=\"font-size:var(--awb-typography4-font-size);line-height:1.4;color:var(--awb-color6);\"><p>\n            <a href=\"https:\/\/www.nationalgeographic.com\/science\/article\/fishermen-kerala-india-recycle-plastic-pollution-culture\" target=\"_blank\" rel=\"noopener\">En un proyecto innovador, los pescadores de Kerala recogen pl\u00e1stico oce\u00e1nico para reciclarlo, limpiando el oc\u00e9ano en el proceso.<\/a>\n          <\/p>\n<\/div><div class=\"fusion-text fusion-text-9\" style=\"font-size:var(--awb-typography4-font-size);line-height:0.8;color:var(--awb-color8);font-family:Arial, Helvetica, sans-serif;font-weight:400;\"><p>\n            <u><br \/>\n              <a href=\"https:\/\/www.nationalgeographic.com\/science\/article\/fishermen-kerala-india-recycle-plastic-pollution-culture\" target=\"_blank\" rel=\"noopener\">Leer m\u00e1s<\/a><br \/>\n              <u><\/u><br \/>\n            <\/u>\n          <\/p>\n<\/div><\/div><style type=\"text\/css\">.fusion-body .fusion-builder-column-3{width:33.333333333333% !important;margin-top : 0px;margin-bottom : 20px;}.fusion-builder-column-3 > .fusion-column-wrapper {padding-top : 0px !important;padding-right : 0px !important;margin-right : 5.76%;padding-bottom : 0px !important;padding-left : 0px !important;margin-left : 5.76%;}@media only screen and (max-width:1024px) {.fusion-body .fusion-builder-column-3{width:33.333333333333% !important;order : 0;}.fusion-builder-column-3 > .fusion-column-wrapper {margin-right : 5.76%;margin-left : 5.76%;}}@media only screen and (max-width:640px) {.fusion-body .fusion-builder-column-3{width:100% !important;order : 0;}.fusion-builder-column-3 > .fusion-column-wrapper {margin-right : 1.92%;margin-left : 1.92%;}}<\/style><\/div><div class=\"fusion-layout-column fusion_builder_column fusion-builder-column-4 fusion_builder_column_1_3 1_3 fusion-flex-column\"><div class=\"fusion-column-wrapper fusion-flex-justify-content-flex-start fusion-content-layout-column\" style=\"background-position:left top;background-repeat:no-repeat;-webkit-background-size:cover;-moz-background-size:cover;-o-background-size:cover;background-size:cover;padding: 0px 0px 0px 0px;\"><div ><style>.fusion-imageframe.imageframe-4{ margin-bottom : 15px;}.fusion-imageframe.imageframe-4 img{aspect-ratio:2 \/ 1;object-position:46% 50%;}<\/style><span class=\" fusion-imageframe imageframe-none imageframe-4 hover-type-none has-aspect-ratio\"><a class=\"fusion-no-lightbox\" href=\"https:\/\/www.whoi.edu\/oceanus\/feature\/the-polar-imperative\/\" target=\"_blank\" aria-label=\"Greenland\" rel=\"noopener noreferrer\"><img decoding=\"async\" width=\"1920\" height=\"1080\" src=\"https:\/\/forbetterpurpose.eu\/wp-content\/uploads\/2024\/05\/Greenland.jpg\" class=\"img-responsive wp-image-4707 img-with-aspect-ratio\" alt srcset=\"https:\/\/forbetterpurpose.eu\/wp-content\/uploads\/2024\/05\/Greenland-200x113.jpg 200w, https:\/\/forbetterpurpose.eu\/wp-content\/uploads\/2024\/05\/Greenland-400x225.jpg 400w, https:\/\/forbetterpurpose.eu\/wp-content\/uploads\/2024\/05\/Greenland-600x338.jpg 600w, https:\/\/forbetterpurpose.eu\/wp-content\/uploads\/2024\/05\/Greenland-800x450.jpg 800w, https:\/\/forbetterpurpose.eu\/wp-content\/uploads\/2024\/05\/Greenland-1200x675.jpg 1200w, https:\/\/forbetterpurpose.eu\/wp-content\/uploads\/2024\/05\/Greenland.jpg 1920w\" sizes=\"(max-width: 640px) 100vw, 400px\" \/><\/a><\/span><\/div><div class=\"fusion-text fusion-text-10\" style=\"font-size:20px;line-height:1.4;color:var(--awb-color8);\"><p>\n            <a href=\"https:\/\/www.whoi.edu\/oceanus\/feature\/the-polar-imperative\/\" target=\"_blank\" rel=\"noopener\"><br \/>\n              <strong>El imperativo polar<\/strong><br \/>\n            <\/a>\n          <\/p>\n<\/div><div class=\"fusion-text fusion-text-11\" style=\"font-size:var(--awb-typography4-font-size);line-height:1.4;color:var(--awb-color6);\"><p>\n            <a href=\"https:\/\/www.whoi.edu\/oceanus\/feature\/the-polar-imperative\/\" target=\"_blank\" rel=\"noopener\">Los investigadores del WHOI abordan grandes cuestiones en un mundo en fusi\u00f3n<\/a>\n          <\/p>\n<\/div><div class=\"fusion-text fusion-text-12\" style=\"font-size:var(--awb-typography4-font-size);line-height:0.8;color:var(--awb-color8);font-family:Arial, Helvetica, sans-serif;font-weight:400;\"><p>\n            <u><br \/>\n              <a href=\"https:\/\/www.whoi.edu\/oceanus\/feature\/the-polar-imperative\/\" target=\"_blank\" rel=\"noopener\">Leer m\u00e1s<\/a><br \/>\n              <u><\/u><br \/>\n            <\/u>\n          <\/p>\n<\/div><\/div><style type=\"text\/css\">.fusion-body .fusion-builder-column-4{width:33.333333333333% !important;margin-top : 0px;margin-bottom : 20px;}.fusion-builder-column-4 > .fusion-column-wrapper {padding-top : 0px !important;padding-right : 0px !important;margin-right : 5.76%;padding-bottom : 0px !important;padding-left : 0px !important;margin-left : 5.76%;}@media only screen and (max-width:1024px) {.fusion-body .fusion-builder-column-4{width:33.333333333333% !important;order : 0;}.fusion-builder-column-4 > .fusion-column-wrapper {margin-right : 5.76%;margin-left : 5.76%;}}@media only screen and (max-width:640px) {.fusion-body .fusion-builder-column-4{width:100% !important;order : 0;}.fusion-builder-column-4 > .fusion-column-wrapper {margin-right : 1.92%;margin-left : 1.92%;}}<\/style><\/div><div class=\"fusion-layout-column fusion_builder_column fusion-builder-column-5 fusion_builder_column_1_3 1_3 fusion-flex-column\"><div class=\"fusion-column-wrapper fusion-flex-justify-content-flex-start fusion-content-layout-column\" style=\"background-position:left top;background-repeat:no-repeat;-webkit-background-size:cover;-moz-background-size:cover;-o-background-size:cover;background-size:cover;padding: 0px 0px 0px 0px;\"><div ><style>.fusion-imageframe.imageframe-5{ margin-bottom : 15px;}.fusion-imageframe.imageframe-5 img{aspect-ratio:2 \/ 1;object-position:37% 39%;}<\/style><span class=\" fusion-imageframe imageframe-none imageframe-5 hover-type-none has-aspect-ratio\"><a class=\"fusion-no-lightbox\" href=\"https:\/\/www.whoi.edu\/know-your-ocean\/did-you-know\/does-the-ocean-produce-oxygen\/\" target=\"_blank\" aria-label=\"jeremy-bishop-1braZySlEKA-unsplash\" rel=\"noopener noreferrer\"><img decoding=\"async\" width=\"2560\" height=\"1920\" src=\"https:\/\/forbetterpurpose.eu\/wp-content\/uploads\/2024\/05\/jeremy-bishop-1braZySlEKA-unsplash-scaled.jpg\" class=\"img-responsive wp-image-4713 img-with-aspect-ratio\" alt srcset=\"https:\/\/forbetterpurpose.eu\/wp-content\/uploads\/2024\/05\/jeremy-bishop-1braZySlEKA-unsplash-200x150.jpg 200w, https:\/\/forbetterpurpose.eu\/wp-content\/uploads\/2024\/05\/jeremy-bishop-1braZySlEKA-unsplash-400x300.jpg 400w, https:\/\/forbetterpurpose.eu\/wp-content\/uploads\/2024\/05\/jeremy-bishop-1braZySlEKA-unsplash-600x450.jpg 600w, https:\/\/forbetterpurpose.eu\/wp-content\/uploads\/2024\/05\/jeremy-bishop-1braZySlEKA-unsplash-800x600.jpg 800w, https:\/\/forbetterpurpose.eu\/wp-content\/uploads\/2024\/05\/jeremy-bishop-1braZySlEKA-unsplash-1200x900.jpg 1200w, https:\/\/forbetterpurpose.eu\/wp-content\/uploads\/2024\/05\/jeremy-bishop-1braZySlEKA-unsplash-scaled.jpg 2560w\" sizes=\"(max-width: 640px) 100vw, 400px\" \/><\/a><\/span><\/div><div class=\"fusion-text fusion-text-13\" style=\"font-size:20px;line-height:1.4;color:var(--awb-color8);\"><p>\n            <a href=\"https:\/\/www.whoi.edu\/know-your-ocean\/did-you-know\/does-the-ocean-produce-oxygen\/\" target=\"_blank\" rel=\"noopener\"><br \/>\n              <strong>\u00bfProduce ox\u00edgeno el oc\u00e9ano?<\/strong><br \/>\n            <\/a>\n          <\/p>\n<\/div><div class=\"fusion-text fusion-text-14\" style=\"font-size:var(--awb-typography4-font-size);line-height:1.4;color:var(--awb-color6);\"><p>\n            <a href=\"https:\/\/www.whoi.edu\/know-your-ocean\/did-you-know\/does-the-ocean-produce-oxygen\/\" target=\"_blank\" rel=\"noopener\">Es f\u00e1cil pensar en los bosques del mundo como los \u00abpulmones\u00bb del planeta. Los \u00e1rboles bombean ox\u00edgeno, el mismo que nosotros inhalamos. Cuanto m\u00e1s grande es el \u00e1rbol, m\u00e1s ox\u00edgeno libera. Pero la mayor parte de nuestro aire respirable no procede de la tierra. Procede de los oc\u00e9anos del mundo.<\/a>\n          <\/p>\n<\/div><div class=\"fusion-text fusion-text-15\" style=\"font-size:var(--awb-typography4-font-size);line-height:0.8;color:var(--awb-color8);font-family:Arial, Helvetica, sans-serif;font-weight:400;\"><p>\n            <u><br \/>\n              <a href=\"https:\/\/www.whoi.edu\/know-your-ocean\/did-you-know\/does-the-ocean-produce-oxygen\/\" target=\"_blank\" rel=\"noopener\">Leer m\u00e1s<\/a><br \/>\n              <u><\/u><br \/>\n            <\/u>\n          <\/p>\n<\/div><\/div><style type=\"text\/css\">.fusion-body .fusion-builder-column-5{width:33.333333333333% !important;margin-top : 0px;margin-bottom : 20px;}.fusion-builder-column-5 > .fusion-column-wrapper {padding-top : 0px !important;padding-right : 0px !important;margin-right : 5.76%;padding-bottom : 0px !important;padding-left : 0px !important;margin-left : 5.76%;}@media only screen and (max-width:1024px) {.fusion-body .fusion-builder-column-5{width:33.333333333333% !important;order : 0;}.fusion-builder-column-5 > .fusion-column-wrapper {margin-right : 5.76%;margin-left : 5.76%;}}@media only screen and (max-width:640px) {.fusion-body .fusion-builder-column-5{width:100% !important;order : 0;}.fusion-builder-column-5 > .fusion-column-wrapper {margin-right : 1.92%;margin-left : 1.92%;}}<\/style><\/div><div class=\"fusion-layout-column fusion_builder_column fusion-builder-column-6 fusion_builder_column_1_3 1_3 fusion-flex-column\"><div class=\"fusion-column-wrapper fusion-flex-justify-content-flex-start fusion-content-layout-column\" style=\"background-position:left top;background-repeat:no-repeat;-webkit-background-size:cover;-moz-background-size:cover;-o-background-size:cover;background-size:cover;padding: 0px 0px 0px 0px;\"><div ><style>.fusion-imageframe.imageframe-6{ margin-bottom : 15px;}.fusion-imageframe.imageframe-6 img{aspect-ratio:2 \/ 1;object-position:47% 47%;}<\/style><span class=\" fusion-imageframe imageframe-none imageframe-6 hover-type-none has-aspect-ratio\"><a class=\"fusion-no-lightbox\" href=\"https:\/\/theoceancleanup.com\/great-pacific-garbage-patch\/\" target=\"_self\" aria-label=\"TOC_Entangled_Turtle_by_Francis_Perez1.jpg\"><img decoding=\"async\" width=\"1200\" height=\"675\" src=\"https:\/\/forbetterpurpose.eu\/wp-content\/uploads\/2024\/05\/TOC_Entangled_Turtle_by_Francis_Perez1.jpg.webp\" class=\"img-responsive wp-image-4721 img-with-aspect-ratio\" alt srcset=\"https:\/\/forbetterpurpose.eu\/wp-content\/uploads\/2024\/05\/TOC_Entangled_Turtle_by_Francis_Perez1.jpg-200x113.webp 200w, https:\/\/forbetterpurpose.eu\/wp-content\/uploads\/2024\/05\/TOC_Entangled_Turtle_by_Francis_Perez1.jpg-300x169.webp 300w, https:\/\/forbetterpurpose.eu\/wp-content\/uploads\/2024\/05\/TOC_Entangled_Turtle_by_Francis_Perez1.jpg-400x225.webp 400w, https:\/\/forbetterpurpose.eu\/wp-content\/uploads\/2024\/05\/TOC_Entangled_Turtle_by_Francis_Perez1.jpg-500x281.webp 500w, https:\/\/forbetterpurpose.eu\/wp-content\/uploads\/2024\/05\/TOC_Entangled_Turtle_by_Francis_Perez1.jpg-600x338.webp 600w, https:\/\/forbetterpurpose.eu\/wp-content\/uploads\/2024\/05\/TOC_Entangled_Turtle_by_Francis_Perez1.jpg-700x394.webp 700w, https:\/\/forbetterpurpose.eu\/wp-content\/uploads\/2024\/05\/TOC_Entangled_Turtle_by_Francis_Perez1.jpg-768x432.webp 768w, https:\/\/forbetterpurpose.eu\/wp-content\/uploads\/2024\/05\/TOC_Entangled_Turtle_by_Francis_Perez1.jpg-800x450.webp 800w, https:\/\/forbetterpurpose.eu\/wp-content\/uploads\/2024\/05\/TOC_Entangled_Turtle_by_Francis_Perez1.jpg-1024x576.webp 1024w, https:\/\/forbetterpurpose.eu\/wp-content\/uploads\/2024\/05\/TOC_Entangled_Turtle_by_Francis_Perez1.jpg.webp 1200w\" sizes=\"(max-width: 640px) 100vw, 400px\" \/><\/a><\/span><\/div><div class=\"fusion-text fusion-text-16\" style=\"font-size:20px;line-height:1.4;color:var(--awb-color8);\"><p>\n            <a href=\"https:\/\/theoceancleanup.com\/great-pacific-garbage-patch\/\" target=\"_blank\" rel=\"noopener\"><br \/>\n              <strong>El Gran Parche de Basura del Pac\u00edfico<\/strong><br \/>\n            <\/a>\n          <\/p>\n<\/div><div class=\"fusion-text fusion-text-17\" style=\"font-size:var(--awb-typography4-font-size);line-height:1.4;color:var(--awb-color6);\"><p>\n            <a href=\"https:\/\/theoceancleanup.com\/great-pacific-garbage-patch\/\" target=\"_blank\" rel=\"noopener\">El Gran Parche de Basura del Pac\u00edfico es la mayor acumulaci\u00f3n de pl\u00e1stico oce\u00e1nico del mundo y est\u00e1 situado entre Hawai y California. Los cient\u00edficos de The Ocean Cleanup han realizado el an\u00e1lisis m\u00e1s exhaustivo jam\u00e1s realizado en esta zona.<\/a>\n          <\/p>\n<\/div><div class=\"fusion-text fusion-text-18\" style=\"font-size:var(--awb-typography4-font-size);line-height:0.8;color:var(--awb-color8);font-family:Arial, Helvetica, sans-serif;font-weight:400;\"><p>\n            <u><br \/>\n              <a href=\"https:\/\/theoceancleanup.com\/great-pacific-garbage-patch\/\" target=\"_blank\" rel=\"noopener\">Leer m\u00e1s<\/a><br \/>\n              <u><\/u><br \/>\n            <\/u>\n          <\/p>\n<\/div><\/div><style type=\"text\/css\">.fusion-body .fusion-builder-column-6{width:33.333333333333% !important;margin-top : 0px;margin-bottom : 20px;}.fusion-builder-column-6 > .fusion-column-wrapper {padding-top : 0px !important;padding-right : 0px !important;margin-right : 5.76%;padding-bottom : 0px !important;padding-left : 0px !important;margin-left : 5.76%;}@media only screen and (max-width:1024px) {.fusion-body .fusion-builder-column-6{width:33.333333333333% !important;order : 0;}.fusion-builder-column-6 > .fusion-column-wrapper {margin-right : 5.76%;margin-left : 5.76%;}}@media only screen and (max-width:640px) {.fusion-body .fusion-builder-column-6{width:100% !important;order : 0;}.fusion-builder-column-6 > .fusion-column-wrapper {margin-right : 1.92%;margin-left : 1.92%;}}<\/style><\/div><div class=\"fusion-layout-column fusion_builder_column fusion-builder-column-7 fusion_builder_column_1_3 1_3 fusion-flex-column\"><div class=\"fusion-column-wrapper fusion-flex-justify-content-flex-start fusion-content-layout-column\" style=\"background-position:left top;background-repeat:no-repeat;-webkit-background-size:cover;-moz-background-size:cover;-o-background-size:cover;background-size:cover;padding: 0px 0px 0px 0px;\"><div ><style>.fusion-imageframe.imageframe-7{ margin-bottom : 15px;}.fusion-imageframe.imageframe-7 img{aspect-ratio:2 \/ 1;object-position:48% 86%;}<\/style><span class=\" fusion-imageframe imageframe-none imageframe-7 hover-type-none has-aspect-ratio\"><a class=\"fusion-no-lightbox\" href=\"https:\/\/www.populationmedia.org\/the-latest\/understanding-the-lesser-known-human-causes-of-climate-change\" target=\"_blank\" aria-label=\"Pollution-Climate-Change\" rel=\"noopener noreferrer\"><img decoding=\"async\" width=\"525\" height=\"400\" src=\"https:\/\/forbetterpurpose.eu\/wp-content\/uploads\/2024\/05\/Pollution-Climate-Change.webp\" class=\"img-responsive wp-image-4728 img-with-aspect-ratio\" alt srcset=\"https:\/\/forbetterpurpose.eu\/wp-content\/uploads\/2024\/05\/Pollution-Climate-Change-200x152.webp 200w, https:\/\/forbetterpurpose.eu\/wp-content\/uploads\/2024\/05\/Pollution-Climate-Change-300x229.webp 300w, https:\/\/forbetterpurpose.eu\/wp-content\/uploads\/2024\/05\/Pollution-Climate-Change-400x305.webp 400w, https:\/\/forbetterpurpose.eu\/wp-content\/uploads\/2024\/05\/Pollution-Climate-Change-500x381.webp 500w, https:\/\/forbetterpurpose.eu\/wp-content\/uploads\/2024\/05\/Pollution-Climate-Change.webp 525w\" sizes=\"(max-width: 640px) 100vw, 400px\" \/><\/a><\/span><\/div><div class=\"fusion-text fusion-text-19\" style=\"font-size:20px;line-height:1.4;color:var(--awb-color8);\"><p class=\"masthead__title\">\n            <a href=\"https:\/\/www.populationmedia.org\/the-latest\/understanding-the-lesser-known-human-causes-of-climate-change\" target=\"_blank\" rel=\"noopener\"><br \/>\n              <strong>Comprender las causas humanas menos conocidas del cambio clim\u00e1tico<\/strong><br \/>\n            <\/a>\n          <\/p>\n<\/div><div class=\"fusion-text fusion-text-20\" style=\"font-size:var(--awb-typography4-font-size);line-height:1.4;color:var(--awb-color6);\"><p>\n            <a href=\"https:\/\/www.populationmedia.org\/the-latest\/understanding-the-lesser-known-human-causes-of-climate-change\" target=\"_blank\" rel=\"noopener\">Las pruebas del cambio clim\u00e1tico en todo el mundo son abundantes. Los registros muestran un aumento medio de la temperatura global de m\u00e1s de 1,5 grados Fahrenheit desde el siglo XIX, lo que ha contribuido al calentamiento de los oc\u00e9anos, la reducci\u00f3n de las capas de hielo, el retroceso de la cubierta de los glaciares, la disminuci\u00f3n de las nevadas y mucho m\u00e1s.<\/a>\n          <\/p>\n<\/div><div class=\"fusion-text fusion-text-21\" style=\"font-size:var(--awb-typography4-font-size);line-height:0.8;color:var(--awb-color8);font-family:Arial, Helvetica, sans-serif;font-weight:400;\"><p>\n            <u><br \/>\n              <a href=\"https:\/\/www.populationmedia.org\/the-latest\/understanding-the-lesser-known-human-causes-of-climate-change\" target=\"_blank\" rel=\"noopener\">Leer m\u00e1s<\/a><br \/>\n              <u><\/u><br \/>\n            <\/u>\n          <\/p>\n<\/div><\/div><style type=\"text\/css\">.fusion-body .fusion-builder-column-7{width:33.333333333333% !important;margin-top : 0px;margin-bottom : 20px;}.fusion-builder-column-7 > .fusion-column-wrapper {padding-top : 0px !important;padding-right : 0px !important;margin-right : 5.76%;padding-bottom : 0px !important;padding-left : 0px !important;margin-left : 5.76%;}@media only screen and (max-width:1024px) {.fusion-body .fusion-builder-column-7{width:33.333333333333% !important;order : 0;}.fusion-builder-column-7 > .fusion-column-wrapper {margin-right : 5.76%;margin-left : 5.76%;}}@media only screen and (max-width:640px) {.fusion-body .fusion-builder-column-7{width:100% !important;order : 0;}.fusion-builder-column-7 > .fusion-column-wrapper {margin-right : 1.92%;margin-left : 1.92%;}}<\/style><\/div><div class=\"fusion-layout-column fusion_builder_column fusion-builder-column-8 fusion_builder_column_1_3 1_3 fusion-flex-column\"><div class=\"fusion-column-wrapper fusion-flex-justify-content-flex-start fusion-content-layout-column\" style=\"background-position:left top;background-repeat:no-repeat;-webkit-background-size:cover;-moz-background-size:cover;-o-background-size:cover;background-size:cover;padding: 0px 0px 0px 0px;\"><div ><style>.fusion-imageframe.imageframe-8{ margin-bottom : 15px;}.fusion-imageframe.imageframe-8 img{aspect-ratio:2 \/ 1;object-position:49% 14%;}<\/style><span class=\" fusion-imageframe imageframe-none imageframe-8 hover-type-none has-aspect-ratio\"><a class=\"fusion-no-lightbox\" href=\"https:\/\/news.climate.columbia.edu\/2022\/09\/13\/what-lies-beneath-melting-glaciers-and-thawing-permafrost\/\" target=\"_blank\" aria-label=\"Greenland-ice-cap-1536&#215;1024\" rel=\"noopener noreferrer\"><img decoding=\"async\" width=\"1536\" height=\"1024\" src=\"https:\/\/forbetterpurpose.eu\/wp-content\/uploads\/2024\/05\/Greenland-ice-cap-1536x1024-1.jpg\" class=\"img-responsive wp-image-4735 img-with-aspect-ratio\" alt srcset=\"https:\/\/forbetterpurpose.eu\/wp-content\/uploads\/2024\/05\/Greenland-ice-cap-1536x1024-1-200x133.jpg 200w, https:\/\/forbetterpurpose.eu\/wp-content\/uploads\/2024\/05\/Greenland-ice-cap-1536x1024-1-400x267.jpg 400w, https:\/\/forbetterpurpose.eu\/wp-content\/uploads\/2024\/05\/Greenland-ice-cap-1536x1024-1-600x400.jpg 600w, https:\/\/forbetterpurpose.eu\/wp-content\/uploads\/2024\/05\/Greenland-ice-cap-1536x1024-1-800x533.jpg 800w, https:\/\/forbetterpurpose.eu\/wp-content\/uploads\/2024\/05\/Greenland-ice-cap-1536x1024-1-1200x800.jpg 1200w, https:\/\/forbetterpurpose.eu\/wp-content\/uploads\/2024\/05\/Greenland-ice-cap-1536x1024-1.jpg 1536w\" sizes=\"(max-width: 640px) 100vw, 400px\" \/><\/a><\/span><\/div><div class=\"fusion-text fusion-text-22\" style=\"font-size:20px;line-height:1.4;color:var(--awb-color8);\"><p class=\"wp-block-post-title\">\n            <a href=\"https:\/\/news.climate.columbia.edu\/2022\/09\/13\/what-lies-beneath-melting-glaciers-and-thawing-permafrost\/\" target=\"_blank\" rel=\"noopener\"><br \/>\n              <strong>\u00bfQu\u00e9 hay debajo del deshielo de los glaciares y del permafrost?<\/strong><br \/>\n            <\/a>\n          <\/p>\n<\/div><div class=\"fusion-text fusion-text-23\" style=\"font-size:var(--awb-typography4-font-size);line-height:1.4;color:var(--awb-color6);\"><p>\n            <a href=\"https:\/\/news.climate.columbia.edu\/2022\/09\/13\/what-lies-beneath-melting-glaciers-and-thawing-permafrost\/\" target=\"_blank\" rel=\"noopener\">En todo el planeta, el hielo est\u00e1 desapareciendo r\u00e1pidamente. Desde las cimas de las monta\u00f1as, los polos, los mares y la tundra. A medida que el hielo se derrite, deja al descubierto nuevas superficies, nuevas oportunidades y nuevas amenazas, como valiosos dep\u00f3sitos minerales, reliquias arqueol\u00f3gicas, nuevos virus y mucho m\u00e1s.<\/a>\n          <\/p>\n<\/div><div class=\"fusion-text fusion-text-24\" style=\"font-size:var(--awb-typography4-font-size);line-height:0.8;color:var(--awb-color8);font-family:Arial, Helvetica, sans-serif;font-weight:400;\"><p>\n            <u><br \/>\n              <a href=\"https:\/\/news.climate.columbia.edu\/2022\/09\/13\/what-lies-beneath-melting-glaciers-and-thawing-permafrost\/\" target=\"_blank\" rel=\"noopener\">Leer m\u00e1s<\/a><br \/>\n              <u><\/u><br \/>\n            <\/u>\n          <\/p>\n<\/div><\/div><style type=\"text\/css\">.fusion-body .fusion-builder-column-8{width:33.333333333333% !important;margin-top : 0px;margin-bottom : 20px;}.fusion-builder-column-8 > .fusion-column-wrapper {padding-top : 0px !important;padding-right : 0px !important;margin-right : 5.76%;padding-bottom : 0px !important;padding-left : 0px !important;margin-left : 5.76%;}@media only screen and (max-width:1024px) {.fusion-body .fusion-builder-column-8{width:33.333333333333% !important;order : 0;}.fusion-builder-column-8 > .fusion-column-wrapper {margin-right : 5.76%;margin-left : 5.76%;}}@media only screen and (max-width:640px) {.fusion-body .fusion-builder-column-8{width:100% !important;order : 0;}.fusion-builder-column-8 > .fusion-column-wrapper {margin-right : 1.92%;margin-left : 1.92%;}}<\/style><\/div><div class=\"fusion-layout-column fusion_builder_column fusion-builder-column-9 fusion_builder_column_1_3 1_3 fusion-flex-column\"><div class=\"fusion-column-wrapper fusion-flex-justify-content-flex-start fusion-content-layout-column\" style=\"background-position:left top;background-repeat:no-repeat;-webkit-background-size:cover;-moz-background-size:cover;-o-background-size:cover;background-size:cover;padding: 0px 0px 0px 0px;\"><div ><style>.fusion-imageframe.imageframe-9{ margin-bottom : 15px;}.fusion-imageframe.imageframe-9 img{aspect-ratio:2 \/ 1;object-position:50% 6%;}<\/style><span class=\" fusion-imageframe imageframe-none imageframe-9 hover-type-none has-aspect-ratio\"><a class=\"fusion-no-lightbox\" href=\"https:\/\/www.whoi.edu\/oceanus\/feature\/is-the-great-barrier-reef-making-a-comeback\/\" target=\"_blank\" aria-label=\"general-scene-of-bleached-acropora\" rel=\"noopener noreferrer\"><img decoding=\"async\" width=\"1920\" height=\"1080\" src=\"https:\/\/forbetterpurpose.eu\/wp-content\/uploads\/2024\/05\/general-scene-of-bleached-acropora.jpg\" class=\"img-responsive wp-image-4749 img-with-aspect-ratio\" alt srcset=\"https:\/\/forbetterpurpose.eu\/wp-content\/uploads\/2024\/05\/general-scene-of-bleached-acropora-200x113.jpg 200w, https:\/\/forbetterpurpose.eu\/wp-content\/uploads\/2024\/05\/general-scene-of-bleached-acropora-400x225.jpg 400w, https:\/\/forbetterpurpose.eu\/wp-content\/uploads\/2024\/05\/general-scene-of-bleached-acropora-600x338.jpg 600w, https:\/\/forbetterpurpose.eu\/wp-content\/uploads\/2024\/05\/general-scene-of-bleached-acropora-800x450.jpg 800w, https:\/\/forbetterpurpose.eu\/wp-content\/uploads\/2024\/05\/general-scene-of-bleached-acropora-1200x675.jpg 1200w, https:\/\/forbetterpurpose.eu\/wp-content\/uploads\/2024\/05\/general-scene-of-bleached-acropora.jpg 1920w\" sizes=\"(max-width: 640px) 100vw, 400px\" \/><\/a><\/span><\/div><div class=\"fusion-text fusion-text-25\" style=\"font-size:20px;line-height:1.4;color:var(--awb-color8);\"><p class=\"fl-post-title\">\n            <a href=\"https:\/\/www.whoi.edu\/oceanus\/feature\/is-the-great-barrier-reef-making-a-comeback\/\" target=\"_blank\" rel=\"noopener\"><br \/>\n              <strong>\u00bfSe est\u00e1 recuperando la Gran Barrera de Coral?<\/strong><br \/>\n            <\/a>\n          <\/p>\n<\/div><div class=\"fusion-text fusion-text-26\" style=\"font-size:var(--awb-typography4-font-size);line-height:1.4;color:var(--awb-color6);\"><p>\n            <a href=\"https:\/\/www.whoi.edu\/oceanus\/feature\/is-the-great-barrier-reef-making-a-comeback\/\" target=\"_blank\" rel=\"noopener\">El mayor arrecife del mundo registr\u00f3 un crecimiento r\u00e9cord tras a\u00f1os de blanqueamiento, pero a\u00fan no est\u00e1 fuera de peligro<\/a>\n          <\/p>\n<\/div><div class=\"fusion-text fusion-text-27\" style=\"font-size:var(--awb-typography4-font-size);line-height:0.8;color:var(--awb-color8);font-family:Arial, Helvetica, sans-serif;font-weight:400;\"><p>\n            <u><br \/>\n              <a href=\"https:\/\/www.whoi.edu\/oceanus\/feature\/is-the-great-barrier-reef-making-a-comeback\/\" target=\"_blank\" rel=\"noopener\">Leer m\u00e1s<\/a><br \/>\n              <u><\/u><br \/>\n            <\/u>\n          <\/p>\n<\/div><\/div><style type=\"text\/css\">.fusion-body .fusion-builder-column-9{width:33.333333333333% !important;margin-top : 0px;margin-bottom : 20px;}.fusion-builder-column-9 > .fusion-column-wrapper {padding-top : 0px !important;padding-right : 0px !important;margin-right : 5.76%;padding-bottom : 0px !important;padding-left : 0px !important;margin-left : 5.76%;}@media only screen and (max-width:1024px) {.fusion-body .fusion-builder-column-9{width:33.333333333333% !important;order : 0;}.fusion-builder-column-9 > .fusion-column-wrapper {margin-right : 5.76%;margin-left : 5.76%;}}@media only screen and (max-width:640px) {.fusion-body .fusion-builder-column-9{width:100% !important;order : 0;}.fusion-builder-column-9 > .fusion-column-wrapper {margin-right : 1.92%;margin-left : 1.92%;}}<\/style><\/div><div class=\"fusion-layout-column fusion_builder_column fusion-builder-column-10 fusion_builder_column_1_3 1_3 fusion-flex-column\"><div class=\"fusion-column-wrapper fusion-flex-justify-content-flex-start fusion-content-layout-column\" style=\"background-position:left top;background-repeat:no-repeat;-webkit-background-size:cover;-moz-background-size:cover;-o-background-size:cover;background-size:cover;padding: 0px 0px 0px 0px;\"><div ><style>.fusion-imageframe.imageframe-10{ margin-bottom : 15px;}.fusion-imageframe.imageframe-10 img{aspect-ratio:2 \/ 1;object-position:39% 52%;}<\/style><span class=\" fusion-imageframe imageframe-none imageframe-10 hover-type-none has-aspect-ratio\"><a class=\"fusion-no-lightbox\" href=\"https:\/\/www.investopedia.com\/terms\/s\/sustainability.asp\" target=\"_blank\" aria-label=\"terms_s_sustainability_FINAL-78ce04eecd9b42e8ab1222b98c6aa79e\" rel=\"noopener noreferrer\"><img decoding=\"async\" width=\"750\" height=\"500\" src=\"https:\/\/forbetterpurpose.eu\/wp-content\/uploads\/2024\/05\/terms_s_sustainability_FINAL-78ce04eecd9b42e8ab1222b98c6aa79e.jpg\" class=\"img-responsive wp-image-5014 img-with-aspect-ratio\" alt srcset=\"https:\/\/forbetterpurpose.eu\/wp-content\/uploads\/2024\/05\/terms_s_sustainability_FINAL-78ce04eecd9b42e8ab1222b98c6aa79e-200x133.jpg 200w, https:\/\/forbetterpurpose.eu\/wp-content\/uploads\/2024\/05\/terms_s_sustainability_FINAL-78ce04eecd9b42e8ab1222b98c6aa79e-400x267.jpg 400w, https:\/\/forbetterpurpose.eu\/wp-content\/uploads\/2024\/05\/terms_s_sustainability_FINAL-78ce04eecd9b42e8ab1222b98c6aa79e-600x400.jpg 600w, https:\/\/forbetterpurpose.eu\/wp-content\/uploads\/2024\/05\/terms_s_sustainability_FINAL-78ce04eecd9b42e8ab1222b98c6aa79e.jpg 750w\" sizes=\"(max-width: 640px) 100vw, 400px\" \/><\/a><\/span><\/div><div class=\"fusion-text fusion-text-28\" style=\"font-size:20px;line-height:1.4;color:var(--awb-color8);\"><p id=\"article-heading_1-0\" class=\"comp article-heading mntl-text-block\">\n            <a href=\"https:\/\/www.investopedia.com\/terms\/s\/sustainability.asp\" target=\"_blank\" rel=\"noopener\"><br \/>\n              <strong>\u00bfQu\u00e9 es la sostenibilidad? C\u00f3mo funciona la sostenibilidad, ventajas y ejemplo<\/strong><br \/>\n            <\/a>\n          <\/p>\n<\/div><div class=\"fusion-text fusion-text-29\" style=\"font-size:var(--awb-typography4-font-size);line-height:1.4;color:var(--awb-color6);\"><p>\n            <a href=\"https:\/\/www.investopedia.com\/terms\/s\/sustainability.asp\" target=\"_blank\" rel=\"noopener\">En contextos empresariales y pol\u00edticos, la sostenibilidad trata de evitar el agotamiento de los recursos naturales o f\u00edsicos, para que sigan estando disponibles a largo plazo.<\/a>\n          <\/p>\n<\/div><div class=\"fusion-text fusion-text-30\" style=\"font-size:var(--awb-typography4-font-size);line-height:0.8;color:var(--awb-color8);font-family:Arial, Helvetica, sans-serif;font-weight:400;\"><p>\n            <u><br \/>\n              <a href=\"https:\/\/www.investopedia.com\/terms\/s\/sustainability.asp\" target=\"_blank\" rel=\"noopener\">Leer m\u00e1s<\/a><br \/>\n              <u><\/u><br \/>\n            <\/u>\n          <\/p>\n<\/div><\/div><style type=\"text\/css\">.fusion-body .fusion-builder-column-10{width:33.333333333333% !important;margin-top : 0px;margin-bottom : 20px;}.fusion-builder-column-10 > .fusion-column-wrapper {padding-top : 0px !important;padding-right : 0px !important;margin-right : 5.76%;padding-bottom : 0px !important;padding-left : 0px !important;margin-left : 5.76%;}@media only screen and (max-width:1024px) {.fusion-body .fusion-builder-column-10{width:33.333333333333% !important;order : 0;}.fusion-builder-column-10 > .fusion-column-wrapper {margin-right : 5.76%;margin-left : 5.76%;}}@media only screen and (max-width:640px) {.fusion-body .fusion-builder-column-10{width:100% !important;order : 0;}.fusion-builder-column-10 > .fusion-column-wrapper {margin-right : 1.92%;margin-left : 1.92%;}}<\/style><\/div><div class=\"fusion-layout-column fusion_builder_column fusion-builder-column-11 fusion_builder_column_1_3 1_3 fusion-flex-column\"><div class=\"fusion-column-wrapper fusion-flex-justify-content-flex-start fusion-content-layout-column\" style=\"background-position:left top;background-repeat:no-repeat;-webkit-background-size:cover;-moz-background-size:cover;-o-background-size:cover;background-size:cover;padding: 0px 0px 0px 0px;\"><div ><style>.fusion-imageframe.imageframe-11{ margin-bottom : 15px;}.fusion-imageframe.imageframe-11 img{aspect-ratio:2 \/ 1;object-position:39% 52%;}<\/style><span class=\" fusion-imageframe imageframe-none imageframe-11 hover-type-none has-aspect-ratio\"><a class=\"fusion-no-lightbox\" href=\"https:\/\/education.nationalgeographic.org\/resource\/how-climate-change-impacts-water-access\/\" target=\"_blank\" aria-label=\"herder-collecting-water\" rel=\"noopener noreferrer\"><img decoding=\"async\" width=\"860\" height=\"580\" src=\"https:\/\/forbetterpurpose.eu\/wp-content\/uploads\/2024\/05\/herder-collecting-water.jpg\" class=\"img-responsive wp-image-5000 img-with-aspect-ratio\" alt srcset=\"https:\/\/forbetterpurpose.eu\/wp-content\/uploads\/2024\/05\/herder-collecting-water-200x135.jpg 200w, https:\/\/forbetterpurpose.eu\/wp-content\/uploads\/2024\/05\/herder-collecting-water-400x270.jpg 400w, https:\/\/forbetterpurpose.eu\/wp-content\/uploads\/2024\/05\/herder-collecting-water-600x405.jpg 600w, https:\/\/forbetterpurpose.eu\/wp-content\/uploads\/2024\/05\/herder-collecting-water-800x540.jpg 800w, https:\/\/forbetterpurpose.eu\/wp-content\/uploads\/2024\/05\/herder-collecting-water.jpg 860w\" sizes=\"(max-width: 640px) 100vw, 400px\" \/><\/a><\/span><\/div><div class=\"fusion-text fusion-text-31\" style=\"font-size:20px;line-height:1.4;color:var(--awb-color8);\"><p class=\"fl-post-title\">\n            <a href=\"https:\/\/education.nationalgeographic.org\/resource\/how-climate-change-impacts-water-access\/\" target=\"_blank\" rel=\"noopener\"><br \/>\n              <strong>C\u00f3mo afecta el cambio clim\u00e1tico al acceso al agua<\/strong><br \/>\n            <\/a>\n          <\/p>\n<\/div><div class=\"fusion-text fusion-text-32\" style=\"font-size:var(--awb-typography4-font-size);line-height:1.4;color:var(--awb-color6);\"><p>\n            <a href=\"https:\/\/education.nationalgeographic.org\/resource\/how-climate-change-impacts-water-access\/\" target=\"_blank\" rel=\"noopener\">El ciclo del agua forma parte de nuestra vida cotidiana, pero el cambio clim\u00e1tico puede tener consecuencias nefastas para el acceso diario al agua.<\/a>\n          <\/p>\n<\/div><div class=\"fusion-text fusion-text-33\" style=\"font-size:var(--awb-typography4-font-size);line-height:0.8;color:var(--awb-color8);font-family:Arial, Helvetica, sans-serif;font-weight:400;\"><p>\n            <u><br \/>\n              <a href=\"https:\/\/education.nationalgeographic.org\/resource\/how-climate-change-impacts-water-access\/\" target=\"_blank\" rel=\"noopener\">Leer m\u00e1s<\/a><br \/>\n              <u><\/u><br \/>\n            <\/u>\n          <\/p>\n<\/div><\/div><style type=\"text\/css\">.fusion-body .fusion-builder-column-11{width:33.333333333333% !important;margin-top : 0px;margin-bottom : 20px;}.fusion-builder-column-11 > .fusion-column-wrapper {padding-top : 0px !important;padding-right : 0px !important;margin-right : 5.76%;padding-bottom : 0px !important;padding-left : 0px !important;margin-left : 5.76%;}@media only screen and (max-width:1024px) {.fusion-body .fusion-builder-column-11{width:33.333333333333% !important;order : 0;}.fusion-builder-column-11 > .fusion-column-wrapper {margin-right : 5.76%;margin-left : 5.76%;}}@media only screen and (max-width:640px) {.fusion-body .fusion-builder-column-11{width:100% !important;order : 0;}.fusion-builder-column-11 > .fusion-column-wrapper {margin-right : 1.92%;margin-left : 1.92%;}}<\/style><\/div><div class=\"fusion-layout-column fusion_builder_column fusion-builder-column-12 fusion_builder_column_1_3 1_3 fusion-flex-column\"><div class=\"fusion-column-wrapper fusion-flex-justify-content-flex-start fusion-content-layout-column\" style=\"background-position:left top;background-repeat:no-repeat;-webkit-background-size:cover;-moz-background-size:cover;-o-background-size:cover;background-size:cover;padding: 0px 0px 0px 0px;\"><div ><style>.fusion-imageframe.imageframe-12{ margin-bottom : 15px;}.fusion-imageframe.imageframe-12 img{aspect-ratio:2 \/ 1;object-position:39% 52%;}<\/style><span class=\" fusion-imageframe imageframe-none imageframe-12 hover-type-none has-aspect-ratio\"><a class=\"fusion-no-lightbox\" href=\"https:\/\/education.nationalgeographic.org\/resource\/ask-amazon-expert-why-we-cant-afford-lose-rain-forest\/\" target=\"_blank\" aria-label=\"rainy-rainforest\" rel=\"noopener noreferrer\"><img decoding=\"async\" width=\"860\" height=\"580\" src=\"https:\/\/forbetterpurpose.eu\/wp-content\/uploads\/2024\/05\/rainy-rainforest.jpg\" class=\"img-responsive wp-image-5007 img-with-aspect-ratio\" alt srcset=\"https:\/\/forbetterpurpose.eu\/wp-content\/uploads\/2024\/05\/rainy-rainforest-200x135.jpg 200w, https:\/\/forbetterpurpose.eu\/wp-content\/uploads\/2024\/05\/rainy-rainforest-400x270.jpg 400w, https:\/\/forbetterpurpose.eu\/wp-content\/uploads\/2024\/05\/rainy-rainforest-600x405.jpg 600w, https:\/\/forbetterpurpose.eu\/wp-content\/uploads\/2024\/05\/rainy-rainforest-800x540.jpg 800w, https:\/\/forbetterpurpose.eu\/wp-content\/uploads\/2024\/05\/rainy-rainforest.jpg 860w\" sizes=\"(max-width: 640px) 100vw, 400px\" \/><\/a><\/span><\/div><div class=\"fusion-text fusion-text-34\" style=\"font-size:20px;line-height:1.4;color:var(--awb-color8);\"><p>\n            <strong><br \/>\n              <a href=\"https:\/\/education.nationalgeographic.org\/resource\/ask-amazon-expert-why-we-cant-afford-lose-rain-forest\/\" target=\"_blank\" rel=\"noopener\">Pregunta a un experto en la Amazonia: Por qu\u00e9 no podemos permitirnos perder la selva tropical<\/a><br \/>\n            <\/strong>\n          <\/p>\n<\/div><div class=\"fusion-text fusion-text-35\" style=\"font-size:var(--awb-typography4-font-size);line-height:1.4;color:var(--awb-color6);\"><p>\n            <a href=\"https:\/\/education.nationalgeographic.org\/resource\/ask-amazon-expert-why-we-cant-afford-lose-rain-forest\/\" target=\"_blank\" rel=\"noopener\">El Dr. Thomas Lovejoy, cient\u00edfico y becario de National Geographic, lidera la lucha contra la deforestaci\u00f3n y la protecci\u00f3n del Amazonas.<\/a>\n          <\/p>\n<\/div><div class=\"fusion-text fusion-text-36\" style=\"font-size:var(--awb-typography4-font-size);line-height:0.8;color:var(--awb-color8);font-family:Arial, Helvetica, sans-serif;font-weight:400;\"><p>\n            <u><br \/>\n              <a href=\"https:\/\/education.nationalgeographic.org\/resource\/ask-amazon-expert-why-we-cant-afford-lose-rain-forest\/\" target=\"_blank\" rel=\"noopener\">Leer m\u00e1s<\/a><br \/>\n              <u><\/u><br \/>\n            <\/u>\n          <\/p>\n<\/div><\/div><style type=\"text\/css\">.fusion-body .fusion-builder-column-12{width:33.333333333333% !important;margin-top : 0px;margin-bottom : 20px;}.fusion-builder-column-12 > .fusion-column-wrapper {padding-top : 0px !important;padding-right : 0px !important;margin-right : 5.76%;padding-bottom : 0px !important;padding-left : 0px !important;margin-left : 5.76%;}@media only screen and (max-width:1024px) {.fusion-body .fusion-builder-column-12{width:33.333333333333% !important;order : 0;}.fusion-builder-column-12 > .fusion-column-wrapper {margin-right : 5.76%;margin-left : 5.76%;}}@media only screen and (max-width:640px) {.fusion-body .fusion-builder-column-12{width:100% !important;order : 0;}.fusion-builder-column-12 > .fusion-column-wrapper {margin-right : 1.92%;margin-left : 1.92%;}}<\/style><\/div><div class=\"fusion-layout-column fusion_builder_column fusion-builder-column-13 fusion_builder_column_1_3 1_3 fusion-flex-column\"><div class=\"fusion-column-wrapper fusion-flex-justify-content-flex-start fusion-content-layout-column\" style=\"background-position:left top;background-repeat:no-repeat;-webkit-background-size:cover;-moz-background-size:cover;-o-background-size:cover;background-size:cover;padding: 0px 0px 0px 0px;\"><div ><style>.fusion-imageframe.imageframe-13{ margin-bottom : 15px;}.fusion-imageframe.imageframe-13 img{aspect-ratio:2 \/ 1;object-position:39% 52%;}<\/style><span class=\" fusion-imageframe imageframe-none imageframe-13 hover-type-none has-aspect-ratio\"><a class=\"fusion-no-lightbox\" href=\"https:\/\/www.twi-global.com\/technical-knowledge\/faqs\/faq-what-is-sustainability#Whatarethe3PrinciplesofSustainability\" target=\"_blank\" aria-label=\"CachedImage.axd\" rel=\"noopener noreferrer\"><img decoding=\"async\" width=\"784\" height=\"379\" src=\"https:\/\/forbetterpurpose.eu\/wp-content\/uploads\/2024\/05\/CachedImage.axd_.jpeg\" class=\"img-responsive wp-image-5022 img-with-aspect-ratio\" alt srcset=\"https:\/\/forbetterpurpose.eu\/wp-content\/uploads\/2024\/05\/CachedImage.axd_-200x97.jpeg 200w, https:\/\/forbetterpurpose.eu\/wp-content\/uploads\/2024\/05\/CachedImage.axd_-400x193.jpeg 400w, https:\/\/forbetterpurpose.eu\/wp-content\/uploads\/2024\/05\/CachedImage.axd_-600x290.jpeg 600w, https:\/\/forbetterpurpose.eu\/wp-content\/uploads\/2024\/05\/CachedImage.axd_.jpeg 784w\" sizes=\"(max-width: 640px) 100vw, 400px\" \/><\/a><\/span><\/div><div class=\"fusion-text fusion-text-37\" style=\"font-size:20px;line-height:1.4;color:var(--awb-color8);\"><p>\n            <a href=\"https:\/\/www.twi-global.com\/technical-knowledge\/faqs\/faq-what-is-sustainability#Whatarethe3PrinciplesofSustainability\" target=\"_blank\" rel=\"noopener\"><br \/>\n              <strong>\u00bfQU\u00c9 ES LA SOSTENIBILIDAD Y POR QU\u00c9 ES TAN IMPORTANTE?<\/strong><br \/>\n            <\/a>\n          <\/p>\n<\/div><div class=\"fusion-text fusion-text-38\" style=\"font-size:var(--awb-typography4-font-size);line-height:1.4;color:var(--awb-color6);\"><p class=\"twi_paragraph-bold\">\n            <a href=\"https:\/\/www.twi-global.com\/technical-knowledge\/faqs\/faq-what-is-sustainability#Whatarethe3PrinciplesofSustainability\" target=\"_blank\" rel=\"noopener\">La sostenibilidad es la capacidad de existir y desarrollarse sin agotar los recursos naturales para el futuro.<\/a>\n          <\/p>\n<\/div><div class=\"fusion-text fusion-text-39\" style=\"font-size:var(--awb-typography4-font-size);line-height:0.8;color:var(--awb-color8);font-family:Arial, Helvetica, sans-serif;font-weight:400;\"><p>\n            <u><br \/>\n              <a href=\"https:\/\/www.twi-global.com\/technical-knowledge\/faqs\/faq-what-is-sustainability#Whatarethe3PrinciplesofSustainability\" target=\"_blank\" rel=\"noopener\">Leer m\u00e1s<\/a><br \/>\n              <u><\/u><br \/>\n            <\/u>\n          <\/p>\n<\/div><\/div><style type=\"text\/css\">.fusion-body .fusion-builder-column-13{width:33.333333333333% !important;margin-top : 0px;margin-bottom : 20px;}.fusion-builder-column-13 > .fusion-column-wrapper {padding-top : 0px !important;padding-right : 0px !important;margin-right : 5.76%;padding-bottom : 0px !important;padding-left : 0px !important;margin-left : 5.76%;}@media only screen and (max-width:1024px) {.fusion-body .fusion-builder-column-13{width:33.333333333333% !important;order : 0;}.fusion-builder-column-13 > .fusion-column-wrapper {margin-right : 5.76%;margin-left : 5.76%;}}@media only screen and (max-width:640px) {.fusion-body .fusion-builder-column-13{width:100% !important;order : 0;}.fusion-builder-column-13 > .fusion-column-wrapper {margin-right : 1.92%;margin-left : 1.92%;}}<\/style><\/div><div class=\"fusion-layout-column fusion_builder_column fusion-builder-column-14 fusion_builder_column_1_3 1_3 fusion-flex-column\"><div class=\"fusion-column-wrapper fusion-flex-justify-content-flex-start fusion-content-layout-column\" style=\"background-position:left top;background-repeat:no-repeat;-webkit-background-size:cover;-moz-background-size:cover;-o-background-size:cover;background-size:cover;padding: 0px 0px 0px 0px;\"><div ><style>.fusion-imageframe.imageframe-14{ margin-bottom : 15px;}.fusion-imageframe.imageframe-14 img{aspect-ratio:2 \/ 1;object-position:39% 52%;}<\/style><span class=\" fusion-imageframe imageframe-none imageframe-14 hover-type-none has-aspect-ratio\"><a class=\"fusion-no-lightbox\" href=\"https:\/\/online.hbs.edu\/blog\/post\/what-is-sustainability-in-business\" target=\"_blank\" aria-label=\"0212294CC6113F6FE751B232B6C02DD3\" rel=\"noopener noreferrer\"><img decoding=\"async\" width=\"750\" height=\"375\" src=\"https:\/\/forbetterpurpose.eu\/wp-content\/uploads\/2024\/05\/0212294CC6113F6FE751B232B6C02DD3.webp\" class=\"img-responsive wp-image-5029 img-with-aspect-ratio\" alt srcset=\"https:\/\/forbetterpurpose.eu\/wp-content\/uploads\/2024\/05\/0212294CC6113F6FE751B232B6C02DD3-200x100.webp 200w, https:\/\/forbetterpurpose.eu\/wp-content\/uploads\/2024\/05\/0212294CC6113F6FE751B232B6C02DD3-300x150.webp 300w, https:\/\/forbetterpurpose.eu\/wp-content\/uploads\/2024\/05\/0212294CC6113F6FE751B232B6C02DD3-400x200.webp 400w, https:\/\/forbetterpurpose.eu\/wp-content\/uploads\/2024\/05\/0212294CC6113F6FE751B232B6C02DD3-500x250.webp 500w, https:\/\/forbetterpurpose.eu\/wp-content\/uploads\/2024\/05\/0212294CC6113F6FE751B232B6C02DD3-600x300.webp 600w, https:\/\/forbetterpurpose.eu\/wp-content\/uploads\/2024\/05\/0212294CC6113F6FE751B232B6C02DD3-700x350.webp 700w, https:\/\/forbetterpurpose.eu\/wp-content\/uploads\/2024\/05\/0212294CC6113F6FE751B232B6C02DD3.webp 750w\" sizes=\"(max-width: 640px) 100vw, 400px\" \/><\/a><\/span><\/div><div class=\"fusion-text fusion-text-40\" style=\"font-size:20px;line-height:1.4;color:var(--awb-color8);\"><p class=\"delta-uc mb12\">\n            <a href=\"https:\/\/online.hbs.edu\/blog\/post\/what-is-sustainability-in-business\" target=\"_blank\" rel=\"noopener\"><br \/>\n              <strong>\u00bfQU\u00c9 SIGNIFICA \u00abSOSTENIBILIDAD\u00bb EN LA EMPRESA?<\/strong><br \/>\n            <\/a>\n          <\/p>\n<\/div><div class=\"fusion-text fusion-text-41\" style=\"font-size:var(--awb-typography4-font-size);line-height:1.4;color:var(--awb-color6);\"><p>\n            <a href=\"https:\/\/online.hbs.edu\/blog\/post\/what-is-sustainability-in-business\" target=\"_blank\" rel=\"noopener\">Un n\u00famero creciente de organizaciones est\u00e1n integrando la sostenibilidad en su estrategia empresarial, d\u00e1ndose cuenta de que pueden hacer el bien haciendo el bien.<\/a>\n          <\/p>\n<\/div><div class=\"fusion-text fusion-text-42\" style=\"font-size:var(--awb-typography4-font-size);line-height:0.8;color:var(--awb-color8);font-family:Arial, Helvetica, sans-serif;font-weight:400;\"><p>\n            <u><br \/>\n              <a href=\"https:\/\/www.twi-global.com\/technical-knowledge\/faqs\/faq-what-is-sustainability#Whatarethe3PrinciplesofSustainability\" target=\"_blank\" rel=\"noopener\">Leer m\u00e1s<\/a><br \/>\n              <u><\/u><br \/>\n            <\/u>\n          <\/p>\n<\/div><\/div><style type=\"text\/css\">.fusion-body .fusion-builder-column-14{width:33.333333333333% !important;margin-top : 0px;margin-bottom : 20px;}.fusion-builder-column-14 > .fusion-column-wrapper {padding-top : 0px !important;padding-right : 0px !important;margin-right : 5.76%;padding-bottom : 0px !important;padding-left : 0px !important;margin-left : 5.76%;}@media only screen and (max-width:1024px) {.fusion-body .fusion-builder-column-14{width:33.333333333333% !important;order : 0;}.fusion-builder-column-14 > .fusion-column-wrapper {margin-right : 5.76%;margin-left : 5.76%;}}@media only screen and (max-width:640px) {.fusion-body .fusion-builder-column-14{width:100% !important;order : 0;}.fusion-builder-column-14 > .fusion-column-wrapper {margin-right : 1.92%;margin-left : 1.92%;}}<\/style><\/div><div class=\"fusion-layout-column fusion_builder_column fusion-builder-column-15 fusion_builder_column_1_3 1_3 fusion-flex-column\"><div class=\"fusion-column-wrapper fusion-flex-justify-content-flex-start fusion-content-layout-column\" style=\"background-position:left top;background-repeat:no-repeat;-webkit-background-size:cover;-moz-background-size:cover;-o-background-size:cover;background-size:cover;padding: 0px 0px 0px 0px;\"><div ><style>.fusion-imageframe.imageframe-15{ margin-bottom : 15px;}.fusion-imageframe.imageframe-15 img{aspect-ratio:2 \/ 1;object-position:44% 49%;}<\/style><span class=\" fusion-imageframe imageframe-none imageframe-15 hover-type-none has-aspect-ratio\"><a class=\"fusion-no-lightbox\" href=\"https:\/\/www.un.org\/en\/climatechange\/what-is-climate-change\" target=\"_blank\" aria-label=\"feeling-the-heat\" rel=\"noopener noreferrer\"><img decoding=\"async\" width=\"1000\" height=\"563\" src=\"https:\/\/forbetterpurpose.eu\/wp-content\/uploads\/2024\/05\/feeling-the-heat.jpg\" class=\"img-responsive wp-image-5042 img-with-aspect-ratio\" alt srcset=\"https:\/\/forbetterpurpose.eu\/wp-content\/uploads\/2024\/05\/feeling-the-heat-200x113.jpg 200w, https:\/\/forbetterpurpose.eu\/wp-content\/uploads\/2024\/05\/feeling-the-heat-400x225.jpg 400w, https:\/\/forbetterpurpose.eu\/wp-content\/uploads\/2024\/05\/feeling-the-heat-600x338.jpg 600w, https:\/\/forbetterpurpose.eu\/wp-content\/uploads\/2024\/05\/feeling-the-heat-800x450.jpg 800w, https:\/\/forbetterpurpose.eu\/wp-content\/uploads\/2024\/05\/feeling-the-heat.jpg 1000w\" sizes=\"(max-width: 640px) 100vw, 400px\" \/><\/a><\/span><\/div><div class=\"fusion-text fusion-text-43\" style=\"font-size:20px;line-height:1.4;color:var(--awb-color8);\"><p class=\"page-header\">\n            <a href=\"https:\/\/www.un.org\/en\/climatechange\/what-is-climate-change\" target=\"_blank\" rel=\"noopener\"><br \/>\n              <strong>\u00bfQu\u00e9 es el cambio clim\u00e1tico?<\/strong><br \/>\n            <\/a>\n          <\/p>\n<\/div><div class=\"fusion-text fusion-text-44\" style=\"font-size:var(--awb-typography4-font-size);line-height:1.4;color:var(--awb-color6);\"><p class=\"twi_paragraph-bold\">\n            <a href=\"https:\/\/www.un.org\/en\/climatechange\/what-is-climate-change\" target=\"_blank\" rel=\"noopener\">El cambio clim\u00e1tico se refiere a los cambios a largo plazo de las temperaturas y los patrones meteorol\u00f3gicos. Estos desplazamientos pueden ser naturales, debidos a cambios en la actividad solar o a grandes erupciones volc\u00e1nicas.<\/a>\n          <\/p>\n<\/div><div class=\"fusion-text fusion-text-45\" style=\"font-size:var(--awb-typography4-font-size);line-height:0.8;color:var(--awb-color8);font-family:Arial, Helvetica, sans-serif;font-weight:400;\"><p>\n            <u><br \/>\n              <a href=\"https:\/\/www.twi-global.com\/technical-knowledge\/faqs\/faq-what-is-sustainability#Whatarethe3PrinciplesofSustainability\" target=\"_blank\" rel=\"noopener\">Leer m\u00e1s<\/a><br \/>\n              <u><\/u><br \/>\n            <\/u>\n          <\/p>\n<\/div><\/div><style type=\"text\/css\">.fusion-body .fusion-builder-column-15{width:33.333333333333% !important;margin-top : 0px;margin-bottom : 20px;}.fusion-builder-column-15 > .fusion-column-wrapper {padding-top : 0px !important;padding-right : 0px !important;margin-right : 5.76%;padding-bottom : 0px !important;padding-left : 0px !important;margin-left : 5.76%;}@media only screen and (max-width:1024px) {.fusion-body .fusion-builder-column-15{width:33.333333333333% !important;order : 0;}.fusion-builder-column-15 > .fusion-column-wrapper {margin-right : 5.76%;margin-left : 5.76%;}}@media only screen and (max-width:640px) {.fusion-body .fusion-builder-column-15{width:100% !important;order : 0;}.fusion-builder-column-15 > .fusion-column-wrapper {margin-right : 1.92%;margin-left : 1.92%;}}<\/style><\/div><\/div><style type=\"text\/css\">.fusion-body .fusion-flex-container.fusion-builder-row-1{ padding-top : 0px;margin-top : 0px;padding-right : 0px;padding-bottom : 0px;margin-bottom : 0px;padding-left : 0px;}<\/style><\/div><div class=\"fusion-fullwidth fullwidth-box fusion-builder-row-2 fusion-flex-container has-pattern-background has-mask-background nonhundred-percent-fullwidth non-hundred-percent-height-scrolling fusion-no-medium-visibility fusion-no-large-visibility\" style=\"background-color: rgba(255,255,255,0);background-position: center center;background-repeat: no-repeat;border-width: 0px 0px 0px 0px;border-color:var(--awb-color3);border-style:solid;\" ><div class=\"fusion-builder-row fusion-row fusion-flex-align-items-flex-start\" style=\"max-width:1248px;margin-left: calc(-4% \/ 2 );margin-right: calc(-4% \/ 2 );\"><div class=\"fusion-layout-column fusion_builder_column fusion-builder-column-16 fusion_builder_column_1_1 1_1 fusion-flex-column\"><div class=\"fusion-column-wrapper fusion-flex-justify-content-flex-start fusion-content-layout-column\" style=\"background-position:left top;background-repeat:no-repeat;-webkit-background-size:cover;-moz-background-size:cover;-o-background-size:cover;background-size:cover;padding: 0px 0px 0px 0px;\"><div class=\"fusion-text fusion-text-46\" style=\"font-size:12px;line-height:1.4;color:var(--awb-color8);\"><h3 style=\"text-align: center;\">\n            <strong>Perspectivas<\/strong><br \/>\n          <\/h3>\n<\/div><\/div><style type=\"text\/css\">.fusion-body .fusion-builder-column-16{width:100% !important;margin-top : 120px;margin-bottom : 20px;}.fusion-builder-column-16 > .fusion-column-wrapper {padding-top : 0px !important;padding-right : 0px !important;margin-right : 1.92%;padding-bottom : 0px !important;padding-left : 0px !important;margin-left : 1.92%;}@media only screen and (max-width:1024px) {.fusion-body .fusion-builder-column-16{width:100% !important;order : 0;}.fusion-builder-column-16 > .fusion-column-wrapper {margin-right : 1.92%;margin-left : 1.92%;}}@media only screen and (max-width:640px) {.fusion-body .fusion-builder-column-16{width:100% !important;order : 0;margin-top : 120px;}.fusion-builder-column-16 > .fusion-column-wrapper {margin-right : 1.92%;margin-left : 1.92%;}}<\/style><\/div><div class=\"fusion-layout-column fusion_builder_column fusion-builder-column-17 fusion_builder_column_1_2 1_2 fusion-flex-column\"><div class=\"fusion-column-wrapper fusion-flex-justify-content-flex-start fusion-content-layout-column\" style=\"background-position:left top;background-repeat:no-repeat;-webkit-background-size:cover;-moz-background-size:cover;-o-background-size:cover;background-size:cover;padding: 0px 0px 0px 0px;\"><div ><style>.fusion-imageframe.imageframe-16{ margin-bottom : 15px;}.fusion-imageframe.imageframe-16 img{aspect-ratio:2 \/ 1;}<\/style><span class=\" fusion-imageframe imageframe-none imageframe-16 hover-type-none has-aspect-ratio\"><a class=\"fusion-no-lightbox\" href=\"https:\/\/polahoda.cz\/omezeni_kapitalizace_ve_tvorive_spolecnosti\" target=\"_blank\" aria-label=\"a46fd-omezeni_kapitalizace-\" rel=\"noopener noreferrer\"><img decoding=\"async\" width=\"1024\" height=\"510\" src=\"https:\/\/forbetterpurpose.eu\/wp-content\/uploads\/2022\/09\/a46fd-omezeni_kapitalizace--e1730900703130.jpeg\" class=\"img-responsive wp-image-3274 img-with-aspect-ratio\" alt \/><\/a><\/span><\/div><div class=\"fusion-text fusion-text-47\" style=\"font-size:12px;line-height:1.4;color:var(--awb-color8);\"><p id=\"tw-target-text\" class=\"tw-data-text tw-text-large tw-ta\" dir=\"ltr\" data-placeholder=\"Translation\" aria-label=\"Translated text\" data-ved=\"2ahUKEwij-ZjJve-FAxWGh_0HHSujAJEQ3ewLegQIBRAU\">\n            <a href=\"https:\/\/polahoda.cz\/omezeni_kapitalizace_ve_tvorive_spolecnosti\" target=\"_blank\" rel=\"noopener\"><br \/>\n              <strong><br \/>\n                <span class=\"Y2IQFc\" lang=\"en\">\u00bfQu\u00e9 significa la limitaci\u00f3n de capitalizaci\u00f3n en la Sociedad Creativa?<\/span><br \/>\n              <\/strong><br \/>\n            <\/a>\n          <\/p>\n<\/div><div class=\"fusion-text fusion-text-48\" style=\"font-size:12px;line-height:1.4;color:var(--awb-color6);\"><p id=\"tw-target-text\" class=\"tw-data-text tw-text-large tw-ta\" dir=\"ltr\" data-placeholder=\"Translation\" aria-label=\"Translated text\" data-ved=\"2ahUKEwij-ZjJve-FAxWGh_0HHSujAJEQ3ewLegQIBRAU\">\n            <a href=\"https:\/\/polahoda.cz\/omezeni_kapitalizace_ve_tvorive_spolecnosti\" target=\"_blank\" rel=\"noopener\"><br \/>\n              <span class=\"Y2IQFc\" lang=\"en\">Nuestro sistema econ\u00f3mico actual es b\u00e1sicamente la b\u00fasqueda de la \u00abmaximizaci\u00f3n del beneficio\u00bb. Dio origen a innumerables problemas en el mundo: pobreza, hambre, esclavitud, violencia y guerras. En este formato consumista, nuestra vida carece de valor, se ha convertido en un mero medio para ganar dinero.<\/span><br \/>\n            <\/a>\n          <\/p>\n<\/div><div class=\"fusion-text fusion-text-49\" style=\"font-size:12px;line-height:0.8;color:var(--awb-color8);font-family:Arial, Helvetica, sans-serif;font-weight:400;\"><p>\n            <u><br \/>\n              <a href=\"https:\/\/polahoda.cz\/omezeni_kapitalizace_ve_tvorive_spolecnosti\" target=\"_blank\" rel=\"noopener\">Leer m\u00e1s<\/a><br \/>\n              <u><\/u><br \/>\n            <\/u>\n          <\/p>\n<\/div><\/div><style type=\"text\/css\">.fusion-body .fusion-builder-column-17{width:50% !important;margin-top : 0px;margin-bottom : 20px;}.fusion-builder-column-17 > .fusion-column-wrapper {padding-top : 0px !important;padding-right : 0px !important;margin-right : 3.84%;padding-bottom : 0px !important;padding-left : 0px !important;margin-left : 3.84%;}@media only screen and (max-width:1024px) {.fusion-body .fusion-builder-column-17{width:50% !important;order : 0;}.fusion-builder-column-17 > .fusion-column-wrapper {margin-right : 3.84%;margin-left : 3.84%;}}@media only screen and (max-width:640px) {.fusion-body .fusion-builder-column-17{width:50% !important;order : 0;margin-top : 0px;}.fusion-builder-column-17 > .fusion-column-wrapper {margin-right : 3.84%;margin-left : 3.84%;}}<\/style><\/div><div class=\"fusion-layout-column fusion_builder_column fusion-builder-column-18 fusion_builder_column_1_2 1_2 fusion-flex-column\"><div class=\"fusion-column-wrapper fusion-flex-justify-content-flex-start fusion-content-layout-column\" style=\"background-position:left top;background-repeat:no-repeat;-webkit-background-size:cover;-moz-background-size:cover;-o-background-size:cover;background-size:cover;padding: 0px 0px 0px 0px;\"><div ><style>.fusion-imageframe.imageframe-17{ margin-bottom : 15px;}.fusion-imageframe.imageframe-17 img{aspect-ratio:2 \/ 1;object-position:49% 83%;}<\/style><span class=\" fusion-imageframe imageframe-none imageframe-17 hover-type-none has-aspect-ratio\"><a class=\"fusion-no-lightbox\" href=\"https:\/\/www.stockland.com.au\/shopping-centres\/everyday-ideas\/gallery\/fun-facts-about-sustainability\" target=\"_blank\" aria-label=\"0622_SL National_Sustainability Products_Header_900x675\" rel=\"noopener noreferrer\"><img decoding=\"async\" width=\"900\" height=\"675\" src=\"https:\/\/forbetterpurpose.eu\/wp-content\/uploads\/2024\/05\/0622_SL-National_Sustainability-Products_Header_900x675-1.jpg\" class=\"img-responsive wp-image-4761 img-with-aspect-ratio\" alt srcset=\"https:\/\/forbetterpurpose.eu\/wp-content\/uploads\/2024\/05\/0622_SL-National_Sustainability-Products_Header_900x675-1-200x150.jpg 200w, https:\/\/forbetterpurpose.eu\/wp-content\/uploads\/2024\/05\/0622_SL-National_Sustainability-Products_Header_900x675-1-400x300.jpg 400w, https:\/\/forbetterpurpose.eu\/wp-content\/uploads\/2024\/05\/0622_SL-National_Sustainability-Products_Header_900x675-1-600x450.jpg 600w, https:\/\/forbetterpurpose.eu\/wp-content\/uploads\/2024\/05\/0622_SL-National_Sustainability-Products_Header_900x675-1-800x600.jpg 800w, https:\/\/forbetterpurpose.eu\/wp-content\/uploads\/2024\/05\/0622_SL-National_Sustainability-Products_Header_900x675-1.jpg 900w\" sizes=\"(max-width: 640px) 100vw, 600px\" \/><\/a><\/span><\/div><div class=\"fusion-text fusion-text-50\" style=\"font-size:12px;line-height:1.4;color:var(--awb-color8);\"><p>\n            <a href=\"https:\/\/www.stockland.com.au\/shopping-centres\/everyday-ideas\/gallery\/fun-facts-about-sustainability\" target=\"_blank\" rel=\"noopener\"><br \/>\n              <strong>\u00bfQuieres ser ecol\u00f3gico? Aqu\u00ed tienes 20 datos curiosos sobre la sostenibilidad<\/strong><br \/>\n            <\/a>\n          <\/p>\n<\/div><div class=\"fusion-text fusion-text-51\" style=\"font-size:12px;line-height:1.4;color:var(--awb-color6);\"><p>\n            <a href=\"https:\/\/www.stockland.com.au\/shopping-centres\/everyday-ideas\/gallery\/fun-facts-about-sustainability\" target=\"_blank\" rel=\"noopener\">Profundicemos en lo que podemos hacer para cuidar nuestro impresionante entorno natural con 20 datos sobre sostenibilidad que nos ayudar\u00e1n a apoyar la tierra que nos dio la vida.<\/a>\n          <\/p>\n<\/div><div class=\"fusion-text fusion-text-52\" style=\"font-size:12px;line-height:0.8;color:var(--awb-color8);font-family:Arial, Helvetica, sans-serif;font-weight:400;\"><p>\n            <u><br \/>\n              <a href=\"https:\/\/www.stockland.com.au\/shopping-centres\/everyday-ideas\/gallery\/fun-facts-about-sustainability\" target=\"_blank\" rel=\"noopener\">Leer m\u00e1s<\/a><br \/>\n              <u><\/u><br \/>\n            <\/u>\n          <\/p>\n<\/div><\/div><style type=\"text\/css\">.fusion-body .fusion-builder-column-18{width:50% !important;margin-top : 0px;margin-bottom : 20px;}.fusion-builder-column-18 > .fusion-column-wrapper {padding-top : 0px !important;padding-right : 0px !important;margin-right : 3.84%;padding-bottom : 0px !important;padding-left : 0px !important;margin-left : 3.84%;}@media only screen and (max-width:1024px) {.fusion-body .fusion-builder-column-18{width:50% !important;order : 0;}.fusion-builder-column-18 > .fusion-column-wrapper {margin-right : 3.84%;margin-left : 3.84%;}}@media only screen and (max-width:640px) {.fusion-body .fusion-builder-column-18{width:50% !important;order : 0;margin-top : 0px;}.fusion-builder-column-18 > .fusion-column-wrapper {margin-right : 3.84%;margin-left : 3.84%;}}<\/style><\/div><div class=\"fusion-layout-column fusion_builder_column fusion-builder-column-19 fusion_builder_column_1_2 1_2 fusion-flex-column\"><div class=\"fusion-column-wrapper fusion-flex-justify-content-flex-start fusion-content-layout-column\" style=\"background-position:left top;background-repeat:no-repeat;-webkit-background-size:cover;-moz-background-size:cover;-o-background-size:cover;background-size:cover;padding: 0px 0px 0px 0px;\"><div ><style>.fusion-imageframe.imageframe-18{ margin-bottom : 15px;}.fusion-imageframe.imageframe-18 img{aspect-ratio:2 \/ 1;object-position:50% 6%;}<\/style><span class=\" fusion-imageframe imageframe-none imageframe-18 hover-type-none has-aspect-ratio\"><a class=\"fusion-no-lightbox\" href=\"https:\/\/www.nationalgeographic.com\/science\/article\/fishermen-kerala-india-recycle-plastic-pollution-culture\" target=\"_blank\" aria-label=\"Kerala-fishermen-nets-repair_3x2\" rel=\"noopener noreferrer\"><img decoding=\"async\" width=\"1436\" height=\"957\" src=\"https:\/\/forbetterpurpose.eu\/wp-content\/uploads\/2024\/05\/Kerala-fishermen-nets-repair_3x2.jpg\" class=\"img-responsive wp-image-4742 img-with-aspect-ratio\" alt srcset=\"https:\/\/forbetterpurpose.eu\/wp-content\/uploads\/2024\/05\/Kerala-fishermen-nets-repair_3x2-200x133.jpg 200w, https:\/\/forbetterpurpose.eu\/wp-content\/uploads\/2024\/05\/Kerala-fishermen-nets-repair_3x2-400x267.jpg 400w, https:\/\/forbetterpurpose.eu\/wp-content\/uploads\/2024\/05\/Kerala-fishermen-nets-repair_3x2-600x400.jpg 600w, https:\/\/forbetterpurpose.eu\/wp-content\/uploads\/2024\/05\/Kerala-fishermen-nets-repair_3x2-800x533.jpg 800w, https:\/\/forbetterpurpose.eu\/wp-content\/uploads\/2024\/05\/Kerala-fishermen-nets-repair_3x2-1200x800.jpg 1200w, https:\/\/forbetterpurpose.eu\/wp-content\/uploads\/2024\/05\/Kerala-fishermen-nets-repair_3x2.jpg 1436w\" sizes=\"(max-width: 640px) 100vw, 600px\" \/><\/a><\/span><\/div><div class=\"fusion-text fusion-text-53\" style=\"font-size:12px;line-height:1.4;color:var(--awb-color8);\"><p class=\"vMjAx UdOCY WaKtx eHrJ mTgUP WimTs \">\n            <a href=\"https:\/\/www.nationalgeographic.com\/science\/article\/fishermen-kerala-india-recycle-plastic-pollution-culture\" target=\"_blank\" rel=\"noopener\"><br \/>\n              <strong><br \/>\n                <span class=\"gtOSm FbbUW tUtYa vOCwz EQwFq yCufu eEak Qmvg nyTIa SRXVc vzLa jgBfc WXDas CiUCW kqbG zrdEG txGfn ygKVe BbezD UOtxr CVfpq xijV soGRS XgdC sEIlf daWqJ \">C\u00f3mo los pescadores de la India convierten el pl\u00e1stico del oc\u00e9ano en carreteras<\/span><br \/>\n              <\/strong><br \/>\n            <\/a>\n          <\/p>\n<\/div><div class=\"fusion-text fusion-text-54\" style=\"font-size:12px;line-height:1.4;color:var(--awb-color6);\"><p>\n            <a href=\"https:\/\/www.nationalgeographic.com\/science\/article\/fishermen-kerala-india-recycle-plastic-pollution-culture\" target=\"_blank\" rel=\"noopener\">En un proyecto innovador, los pescadores de Kerala recogen pl\u00e1stico oce\u00e1nico para reciclarlo, limpiando el oc\u00e9ano en el proceso.<\/a>\n          <\/p>\n<\/div><div class=\"fusion-text fusion-text-55\" style=\"font-size:12px;line-height:0.8;color:var(--awb-color8);font-family:Arial, Helvetica, sans-serif;font-weight:400;\"><p>\n            <u><br \/>\n              <a href=\"https:\/\/www.nationalgeographic.com\/science\/article\/fishermen-kerala-india-recycle-plastic-pollution-culture\" target=\"_blank\" rel=\"noopener\">Leer m\u00e1s<\/a><br \/>\n              <u><\/u><br \/>\n            <\/u>\n          <\/p>\n<\/div><\/div><style type=\"text\/css\">.fusion-body .fusion-builder-column-19{width:50% !important;margin-top : 0px;margin-bottom : 20px;}.fusion-builder-column-19 > .fusion-column-wrapper {padding-top : 0px !important;padding-right : 0px !important;margin-right : 3.84%;padding-bottom : 0px !important;padding-left : 0px !important;margin-left : 3.84%;}@media only screen and (max-width:1024px) {.fusion-body .fusion-builder-column-19{width:50% !important;order : 0;}.fusion-builder-column-19 > .fusion-column-wrapper {margin-right : 3.84%;margin-left : 3.84%;}}@media only screen and (max-width:640px) {.fusion-body .fusion-builder-column-19{width:50% !important;order : 0;}.fusion-builder-column-19 > .fusion-column-wrapper {margin-right : 3.84%;margin-left : 3.84%;}}<\/style><\/div><div class=\"fusion-layout-column fusion_builder_column fusion-builder-column-20 fusion_builder_column_1_2 1_2 fusion-flex-column\"><div class=\"fusion-column-wrapper fusion-flex-justify-content-flex-start fusion-content-layout-column\" style=\"background-position:left top;background-repeat:no-repeat;-webkit-background-size:cover;-moz-background-size:cover;-o-background-size:cover;background-size:cover;padding: 0px 0px 0px 0px;\"><div ><style>.fusion-imageframe.imageframe-19{ margin-bottom : 15px;}.fusion-imageframe.imageframe-19 img{aspect-ratio:2 \/ 1;object-position:46% 50%;}<\/style><span class=\" fusion-imageframe imageframe-none imageframe-19 hover-type-none has-aspect-ratio\"><a class=\"fusion-no-lightbox\" href=\"https:\/\/www.whoi.edu\/oceanus\/feature\/the-polar-imperative\/\" target=\"_blank\" aria-label=\"Greenland\" rel=\"noopener noreferrer\"><img decoding=\"async\" width=\"1920\" height=\"1080\" src=\"https:\/\/forbetterpurpose.eu\/wp-content\/uploads\/2024\/05\/Greenland.jpg\" class=\"img-responsive wp-image-4707 img-with-aspect-ratio\" alt srcset=\"https:\/\/forbetterpurpose.eu\/wp-content\/uploads\/2024\/05\/Greenland-200x113.jpg 200w, https:\/\/forbetterpurpose.eu\/wp-content\/uploads\/2024\/05\/Greenland-400x225.jpg 400w, https:\/\/forbetterpurpose.eu\/wp-content\/uploads\/2024\/05\/Greenland-600x338.jpg 600w, https:\/\/forbetterpurpose.eu\/wp-content\/uploads\/2024\/05\/Greenland-800x450.jpg 800w, https:\/\/forbetterpurpose.eu\/wp-content\/uploads\/2024\/05\/Greenland-1200x675.jpg 1200w, https:\/\/forbetterpurpose.eu\/wp-content\/uploads\/2024\/05\/Greenland.jpg 1920w\" sizes=\"(max-width: 640px) 100vw, 600px\" \/><\/a><\/span><\/div><div class=\"fusion-text fusion-text-56\" style=\"font-size:12px;line-height:1.4;color:var(--awb-color8);\"><p>\n            <a href=\"https:\/\/www.whoi.edu\/oceanus\/feature\/the-polar-imperative\/\" target=\"_blank\" rel=\"noopener\"><br \/>\n              <strong>El imperativo polar<\/strong><br \/>\n            <\/a>\n          <\/p>\n<\/div><div class=\"fusion-text fusion-text-57\" style=\"font-size:12px;line-height:1.4;color:var(--awb-color6);\"><p>\n            <a href=\"https:\/\/www.whoi.edu\/oceanus\/feature\/the-polar-imperative\/\" target=\"_blank\" rel=\"noopener\">Los investigadores del WHOI abordan grandes cuestiones en un mundo en fusi\u00f3n<\/a>\n          <\/p>\n<\/div><div class=\"fusion-text fusion-text-58\" style=\"font-size:12px;line-height:0.8;color:var(--awb-color8);font-family:Arial, Helvetica, sans-serif;font-weight:400;\"><p>\n            <u><br \/>\n              <a href=\"https:\/\/www.whoi.edu\/oceanus\/feature\/the-polar-imperative\/\" target=\"_blank\" rel=\"noopener\">Leer m\u00e1s<\/a><br \/>\n              <u><\/u><br \/>\n            <\/u>\n          <\/p>\n<\/div><\/div><style type=\"text\/css\">.fusion-body .fusion-builder-column-20{width:50% !important;margin-top : 0px;margin-bottom : 20px;}.fusion-builder-column-20 > .fusion-column-wrapper {padding-top : 0px !important;padding-right : 0px !important;margin-right : 3.84%;padding-bottom : 0px !important;padding-left : 0px !important;margin-left : 3.84%;}@media only screen and (max-width:1024px) {.fusion-body .fusion-builder-column-20{width:50% !important;order : 0;}.fusion-builder-column-20 > .fusion-column-wrapper {margin-right : 3.84%;margin-left : 3.84%;}}@media only screen and (max-width:640px) {.fusion-body .fusion-builder-column-20{width:50% !important;order : 0;}.fusion-builder-column-20 > .fusion-column-wrapper {margin-right : 3.84%;margin-left : 3.84%;}}<\/style><\/div><div class=\"fusion-layout-column fusion_builder_column fusion-builder-column-21 fusion_builder_column_1_2 1_2 fusion-flex-column\"><div class=\"fusion-column-wrapper fusion-flex-justify-content-flex-start fusion-content-layout-column\" style=\"background-position:left top;background-repeat:no-repeat;-webkit-background-size:cover;-moz-background-size:cover;-o-background-size:cover;background-size:cover;padding: 0px 0px 0px 0px;\"><div ><style>.fusion-imageframe.imageframe-20{ margin-bottom : 15px;}.fusion-imageframe.imageframe-20 img{aspect-ratio:2 \/ 1;object-position:37% 39%;}<\/style><span class=\" fusion-imageframe imageframe-none imageframe-20 hover-type-none has-aspect-ratio\"><a class=\"fusion-no-lightbox\" href=\"https:\/\/www.whoi.edu\/know-your-ocean\/did-you-know\/does-the-ocean-produce-oxygen\/\" target=\"_blank\" aria-label=\"jeremy-bishop-1braZySlEKA-unsplash\" rel=\"noopener noreferrer\"><img decoding=\"async\" width=\"2560\" height=\"1920\" src=\"https:\/\/forbetterpurpose.eu\/wp-content\/uploads\/2024\/05\/jeremy-bishop-1braZySlEKA-unsplash-scaled.jpg\" class=\"img-responsive wp-image-4713 img-with-aspect-ratio\" alt srcset=\"https:\/\/forbetterpurpose.eu\/wp-content\/uploads\/2024\/05\/jeremy-bishop-1braZySlEKA-unsplash-200x150.jpg 200w, https:\/\/forbetterpurpose.eu\/wp-content\/uploads\/2024\/05\/jeremy-bishop-1braZySlEKA-unsplash-400x300.jpg 400w, https:\/\/forbetterpurpose.eu\/wp-content\/uploads\/2024\/05\/jeremy-bishop-1braZySlEKA-unsplash-600x450.jpg 600w, https:\/\/forbetterpurpose.eu\/wp-content\/uploads\/2024\/05\/jeremy-bishop-1braZySlEKA-unsplash-800x600.jpg 800w, https:\/\/forbetterpurpose.eu\/wp-content\/uploads\/2024\/05\/jeremy-bishop-1braZySlEKA-unsplash-1200x900.jpg 1200w, https:\/\/forbetterpurpose.eu\/wp-content\/uploads\/2024\/05\/jeremy-bishop-1braZySlEKA-unsplash-scaled.jpg 2560w\" sizes=\"(max-width: 640px) 100vw, 600px\" \/><\/a><\/span><\/div><div class=\"fusion-text fusion-text-59\" style=\"font-size:12px;line-height:1.4;color:var(--awb-color8);\"><p>\n            <a href=\"https:\/\/www.whoi.edu\/know-your-ocean\/did-you-know\/does-the-ocean-produce-oxygen\/\" target=\"_blank\" rel=\"noopener\"><br \/>\n              <strong>\u00bfProduce ox\u00edgeno el oc\u00e9ano?<\/strong><br \/>\n            <\/a>\n          <\/p>\n<\/div><div class=\"fusion-text fusion-text-60\" style=\"font-size:12px;line-height:1.4;color:var(--awb-color6);\"><p>\n            <a href=\"https:\/\/www.whoi.edu\/know-your-ocean\/did-you-know\/does-the-ocean-produce-oxygen\/\" target=\"_blank\" rel=\"noopener\">Es f\u00e1cil pensar en los bosques del mundo como los \u00abpulmones\u00bb del planeta. Los \u00e1rboles bombean ox\u00edgeno, el mismo que nosotros inhalamos. Cuanto m\u00e1s grande es el \u00e1rbol, m\u00e1s ox\u00edgeno libera. Pero la mayor parte de nuestro aire respirable no procede de la tierra. Procede de los oc\u00e9anos del mundo.<\/a>\n          <\/p>\n<\/div><div class=\"fusion-text fusion-text-61\" style=\"font-size:12px;line-height:0.8;color:var(--awb-color8);font-family:Arial, Helvetica, sans-serif;font-weight:400;\"><p>\n            <u><br \/>\n              <a href=\"https:\/\/www.whoi.edu\/know-your-ocean\/did-you-know\/does-the-ocean-produce-oxygen\/\" target=\"_blank\" rel=\"noopener\">Leer m\u00e1s<\/a><br \/>\n              <u><\/u><br \/>\n            <\/u>\n          <\/p>\n<\/div><\/div><style type=\"text\/css\">.fusion-body .fusion-builder-column-21{width:50% !important;margin-top : 0px;margin-bottom : 20px;}.fusion-builder-column-21 > .fusion-column-wrapper {padding-top : 0px !important;padding-right : 0px !important;margin-right : 3.84%;padding-bottom : 0px !important;padding-left : 0px !important;margin-left : 3.84%;}@media only screen and (max-width:1024px) {.fusion-body .fusion-builder-column-21{width:50% !important;order : 0;}.fusion-builder-column-21 > .fusion-column-wrapper {margin-right : 3.84%;margin-left : 3.84%;}}@media only screen and (max-width:640px) {.fusion-body .fusion-builder-column-21{width:50% !important;order : 0;}.fusion-builder-column-21 > .fusion-column-wrapper {margin-right : 3.84%;margin-left : 3.84%;}}<\/style><\/div><div class=\"fusion-layout-column fusion_builder_column fusion-builder-column-22 fusion_builder_column_1_2 1_2 fusion-flex-column\"><div class=\"fusion-column-wrapper fusion-flex-justify-content-flex-start fusion-content-layout-column\" style=\"background-position:left top;background-repeat:no-repeat;-webkit-background-size:cover;-moz-background-size:cover;-o-background-size:cover;background-size:cover;padding: 0px 0px 0px 0px;\"><div ><style>.fusion-imageframe.imageframe-21{ margin-bottom : 15px;}.fusion-imageframe.imageframe-21 img{aspect-ratio:2 \/ 1;object-position:47% 47%;}<\/style><span class=\" fusion-imageframe imageframe-none imageframe-21 hover-type-none has-aspect-ratio\"><a class=\"fusion-no-lightbox\" href=\"https:\/\/theoceancleanup.com\/great-pacific-garbage-patch\/\" target=\"_self\" aria-label=\"TOC_Entangled_Turtle_by_Francis_Perez1.jpg\"><img decoding=\"async\" width=\"1200\" height=\"675\" src=\"https:\/\/forbetterpurpose.eu\/wp-content\/uploads\/2024\/05\/TOC_Entangled_Turtle_by_Francis_Perez1.jpg.webp\" class=\"img-responsive wp-image-4721 img-with-aspect-ratio\" alt srcset=\"https:\/\/forbetterpurpose.eu\/wp-content\/uploads\/2024\/05\/TOC_Entangled_Turtle_by_Francis_Perez1.jpg-200x113.webp 200w, https:\/\/forbetterpurpose.eu\/wp-content\/uploads\/2024\/05\/TOC_Entangled_Turtle_by_Francis_Perez1.jpg-300x169.webp 300w, https:\/\/forbetterpurpose.eu\/wp-content\/uploads\/2024\/05\/TOC_Entangled_Turtle_by_Francis_Perez1.jpg-400x225.webp 400w, https:\/\/forbetterpurpose.eu\/wp-content\/uploads\/2024\/05\/TOC_Entangled_Turtle_by_Francis_Perez1.jpg-500x281.webp 500w, https:\/\/forbetterpurpose.eu\/wp-content\/uploads\/2024\/05\/TOC_Entangled_Turtle_by_Francis_Perez1.jpg-600x338.webp 600w, https:\/\/forbetterpurpose.eu\/wp-content\/uploads\/2024\/05\/TOC_Entangled_Turtle_by_Francis_Perez1.jpg-700x394.webp 700w, https:\/\/forbetterpurpose.eu\/wp-content\/uploads\/2024\/05\/TOC_Entangled_Turtle_by_Francis_Perez1.jpg-768x432.webp 768w, https:\/\/forbetterpurpose.eu\/wp-content\/uploads\/2024\/05\/TOC_Entangled_Turtle_by_Francis_Perez1.jpg-800x450.webp 800w, https:\/\/forbetterpurpose.eu\/wp-content\/uploads\/2024\/05\/TOC_Entangled_Turtle_by_Francis_Perez1.jpg-1024x576.webp 1024w, https:\/\/forbetterpurpose.eu\/wp-content\/uploads\/2024\/05\/TOC_Entangled_Turtle_by_Francis_Perez1.jpg.webp 1200w\" sizes=\"(max-width: 640px) 100vw, 600px\" \/><\/a><\/span><\/div><div class=\"fusion-text fusion-text-62\" style=\"font-size:12px;line-height:1.4;color:var(--awb-color8);\"><p>\n            <a href=\"https:\/\/theoceancleanup.com\/great-pacific-garbage-patch\/\" target=\"_blank\" rel=\"noopener\"><br \/>\n              <strong>El Gran Parche de Basura del Pac\u00edfico<\/strong><br \/>\n            <\/a>\n          <\/p>\n<\/div><div class=\"fusion-text fusion-text-63\" style=\"font-size:12px;line-height:1.4;color:var(--awb-color6);\"><p>\n            <a href=\"https:\/\/theoceancleanup.com\/great-pacific-garbage-patch\/\" target=\"_blank\" rel=\"noopener\">El Gran Parche de Basura del Pac\u00edfico es la mayor acumulaci\u00f3n de pl\u00e1stico oce\u00e1nico del mundo y est\u00e1 situado entre Hawai y California. Los cient\u00edficos de The Ocean Cleanup han realizado el an\u00e1lisis m\u00e1s exhaustivo jam\u00e1s realizado en esta zona.<\/a>\n          <\/p>\n<\/div><div class=\"fusion-text fusion-text-64\" style=\"font-size:12px;line-height:0.8;color:var(--awb-color8);font-family:Arial, Helvetica, sans-serif;font-weight:400;\"><p>\n            <u><br \/>\n              <a href=\"https:\/\/theoceancleanup.com\/great-pacific-garbage-patch\/\" target=\"_blank\" rel=\"noopener\">Leer m\u00e1s<\/a><br \/>\n              <u><\/u><br \/>\n            <\/u>\n          <\/p>\n<\/div><\/div><style type=\"text\/css\">.fusion-body .fusion-builder-column-22{width:50% !important;margin-top : 0px;margin-bottom : 20px;}.fusion-builder-column-22 > .fusion-column-wrapper {padding-top : 0px !important;padding-right : 0px !important;margin-right : 3.84%;padding-bottom : 0px !important;padding-left : 0px !important;margin-left : 3.84%;}@media only screen and (max-width:1024px) {.fusion-body .fusion-builder-column-22{width:50% !important;order : 0;}.fusion-builder-column-22 > .fusion-column-wrapper {margin-right : 3.84%;margin-left : 3.84%;}}@media only screen and (max-width:640px) {.fusion-body .fusion-builder-column-22{width:50% !important;order : 0;}.fusion-builder-column-22 > .fusion-column-wrapper {margin-right : 3.84%;margin-left : 3.84%;}}<\/style><\/div><div class=\"fusion-layout-column fusion_builder_column fusion-builder-column-23 fusion_builder_column_1_2 1_2 fusion-flex-column\"><div class=\"fusion-column-wrapper fusion-flex-justify-content-flex-start fusion-content-layout-column\" style=\"background-position:left top;background-repeat:no-repeat;-webkit-background-size:cover;-moz-background-size:cover;-o-background-size:cover;background-size:cover;padding: 0px 0px 0px 0px;\"><div ><style>.fusion-imageframe.imageframe-22{ margin-bottom : 15px;}.fusion-imageframe.imageframe-22 img{aspect-ratio:2 \/ 1;object-position:48% 86%;}<\/style><span class=\" fusion-imageframe imageframe-none imageframe-22 hover-type-none has-aspect-ratio\"><a class=\"fusion-no-lightbox\" href=\"https:\/\/www.populationmedia.org\/the-latest\/understanding-the-lesser-known-human-causes-of-climate-change\" target=\"_blank\" aria-label=\"Pollution-Climate-Change\" rel=\"noopener noreferrer\"><img decoding=\"async\" width=\"525\" height=\"400\" src=\"https:\/\/forbetterpurpose.eu\/wp-content\/uploads\/2024\/05\/Pollution-Climate-Change.webp\" class=\"img-responsive wp-image-4728 img-with-aspect-ratio\" alt srcset=\"https:\/\/forbetterpurpose.eu\/wp-content\/uploads\/2024\/05\/Pollution-Climate-Change-200x152.webp 200w, https:\/\/forbetterpurpose.eu\/wp-content\/uploads\/2024\/05\/Pollution-Climate-Change-300x229.webp 300w, https:\/\/forbetterpurpose.eu\/wp-content\/uploads\/2024\/05\/Pollution-Climate-Change-400x305.webp 400w, https:\/\/forbetterpurpose.eu\/wp-content\/uploads\/2024\/05\/Pollution-Climate-Change-500x381.webp 500w, https:\/\/forbetterpurpose.eu\/wp-content\/uploads\/2024\/05\/Pollution-Climate-Change.webp 525w\" sizes=\"(max-width: 640px) 100vw, 525px\" \/><\/a><\/span><\/div><div class=\"fusion-text fusion-text-65\" style=\"font-size:12px;line-height:1.4;color:var(--awb-color8);\"><p class=\"masthead__title\">\n            <a href=\"https:\/\/www.populationmedia.org\/the-latest\/understanding-the-lesser-known-human-causes-of-climate-change\" target=\"_blank\" rel=\"noopener\"><br \/>\n              <strong>Comprender las causas humanas menos conocidas del cambio clim\u00e1tico<\/strong><br \/>\n            <\/a>\n          <\/p>\n<\/div><div class=\"fusion-text fusion-text-66\" style=\"font-size:12px;line-height:1.4;color:var(--awb-color6);\"><p>\n            <a href=\"https:\/\/www.populationmedia.org\/the-latest\/understanding-the-lesser-known-human-causes-of-climate-change\" target=\"_blank\" rel=\"noopener\">Las pruebas del cambio clim\u00e1tico en todo el mundo son abundantes. Los registros muestran un aumento medio de la temperatura global de m\u00e1s de 1,5 grados Fahrenheit desde el siglo XIX, lo que ha contribuido al calentamiento de los oc\u00e9anos, la reducci\u00f3n de las capas de hielo, el retroceso de la cubierta de los glaciares, la disminuci\u00f3n de las nevadas y mucho m\u00e1s.<\/a>\n          <\/p>\n<\/div><div class=\"fusion-text fusion-text-67\" style=\"font-size:12px;line-height:0.8;color:var(--awb-color8);font-family:Arial, Helvetica, sans-serif;font-weight:400;\"><p>\n            <u><br \/>\n              <a href=\"https:\/\/www.populationmedia.org\/the-latest\/understanding-the-lesser-known-human-causes-of-climate-change\" target=\"_blank\" rel=\"noopener\">Leer m\u00e1s<\/a><br \/>\n              <u><\/u><br \/>\n            <\/u>\n          <\/p>\n<\/div><\/div><style type=\"text\/css\">.fusion-body .fusion-builder-column-23{width:50% !important;margin-top : 0px;margin-bottom : 20px;}.fusion-builder-column-23 > .fusion-column-wrapper {padding-top : 0px !important;padding-right : 0px !important;margin-right : 3.84%;padding-bottom : 0px !important;padding-left : 0px !important;margin-left : 3.84%;}@media only screen and (max-width:1024px) {.fusion-body .fusion-builder-column-23{width:50% !important;order : 0;}.fusion-builder-column-23 > .fusion-column-wrapper {margin-right : 3.84%;margin-left : 3.84%;}}@media only screen and (max-width:640px) {.fusion-body .fusion-builder-column-23{width:50% !important;order : 0;}.fusion-builder-column-23 > .fusion-column-wrapper {margin-right : 3.84%;margin-left : 3.84%;}}<\/style><\/div><div class=\"fusion-layout-column fusion_builder_column fusion-builder-column-24 fusion_builder_column_1_2 1_2 fusion-flex-column\"><div class=\"fusion-column-wrapper fusion-flex-justify-content-flex-start fusion-content-layout-column\" style=\"background-position:left top;background-repeat:no-repeat;-webkit-background-size:cover;-moz-background-size:cover;-o-background-size:cover;background-size:cover;padding: 0px 0px 0px 0px;\"><div ><style>.fusion-imageframe.imageframe-23{ margin-bottom : 15px;}.fusion-imageframe.imageframe-23 img{aspect-ratio:2 \/ 1;object-position:49% 14%;}<\/style><span class=\" fusion-imageframe imageframe-none imageframe-23 hover-type-none has-aspect-ratio\"><a class=\"fusion-no-lightbox\" href=\"https:\/\/news.climate.columbia.edu\/2022\/09\/13\/what-lies-beneath-melting-glaciers-and-thawing-permafrost\/\" target=\"_blank\" aria-label=\"Greenland-ice-cap-1536&#215;1024\" rel=\"noopener noreferrer\"><img decoding=\"async\" width=\"1536\" height=\"1024\" src=\"https:\/\/forbetterpurpose.eu\/wp-content\/uploads\/2024\/05\/Greenland-ice-cap-1536x1024-1.jpg\" class=\"img-responsive wp-image-4735 img-with-aspect-ratio\" alt srcset=\"https:\/\/forbetterpurpose.eu\/wp-content\/uploads\/2024\/05\/Greenland-ice-cap-1536x1024-1-200x133.jpg 200w, https:\/\/forbetterpurpose.eu\/wp-content\/uploads\/2024\/05\/Greenland-ice-cap-1536x1024-1-400x267.jpg 400w, https:\/\/forbetterpurpose.eu\/wp-content\/uploads\/2024\/05\/Greenland-ice-cap-1536x1024-1-600x400.jpg 600w, https:\/\/forbetterpurpose.eu\/wp-content\/uploads\/2024\/05\/Greenland-ice-cap-1536x1024-1-800x533.jpg 800w, https:\/\/forbetterpurpose.eu\/wp-content\/uploads\/2024\/05\/Greenland-ice-cap-1536x1024-1-1200x800.jpg 1200w, https:\/\/forbetterpurpose.eu\/wp-content\/uploads\/2024\/05\/Greenland-ice-cap-1536x1024-1.jpg 1536w\" sizes=\"(max-width: 640px) 100vw, 600px\" \/><\/a><\/span><\/div><div class=\"fusion-text fusion-text-68\" style=\"font-size:12px;line-height:1.4;color:var(--awb-color8);\"><p class=\"wp-block-post-title\">\n            <a href=\"https:\/\/news.climate.columbia.edu\/2022\/09\/13\/what-lies-beneath-melting-glaciers-and-thawing-permafrost\/\" target=\"_blank\" rel=\"noopener\"><br \/>\n              <strong>\u00bfQu\u00e9 hay debajo del deshielo de los glaciares y del permafrost?<\/strong><br \/>\n            <\/a>\n          <\/p>\n<\/div><div class=\"fusion-text fusion-text-69\" style=\"font-size:12px;line-height:1.4;color:var(--awb-color6);\"><p>\n            <a href=\"https:\/\/news.climate.columbia.edu\/2022\/09\/13\/what-lies-beneath-melting-glaciers-and-thawing-permafrost\/\" target=\"_blank\" rel=\"noopener\">En todo el planeta, el hielo est\u00e1 desapareciendo r\u00e1pidamente. Desde las cimas de las monta\u00f1as, los polos, los mares y la tundra. A medida que el hielo se derrite, deja al descubierto nuevas superficies, nuevas oportunidades y nuevas amenazas, como valiosos dep\u00f3sitos minerales, reliquias arqueol\u00f3gicas, nuevos virus y mucho m\u00e1s.<\/a>\n          <\/p>\n<\/div><div class=\"fusion-text fusion-text-70\" style=\"font-size:12px;line-height:0.8;color:var(--awb-color8);font-family:Arial, Helvetica, sans-serif;font-weight:400;\"><p>\n            <u><br \/>\n              <a href=\"https:\/\/news.climate.columbia.edu\/2022\/09\/13\/what-lies-beneath-melting-glaciers-and-thawing-permafrost\/\" target=\"_blank\" rel=\"noopener\">Leer m\u00e1s<\/a><br \/>\n              <u><\/u><br \/>\n            <\/u>\n          <\/p>\n<\/div><\/div><style type=\"text\/css\">.fusion-body .fusion-builder-column-24{width:50% !important;margin-top : 0px;margin-bottom : 20px;}.fusion-builder-column-24 > .fusion-column-wrapper {padding-top : 0px !important;padding-right : 0px !important;margin-right : 3.84%;padding-bottom : 0px !important;padding-left : 0px !important;margin-left : 3.84%;}@media only screen and (max-width:1024px) {.fusion-body .fusion-builder-column-24{width:50% !important;order : 0;}.fusion-builder-column-24 > .fusion-column-wrapper {margin-right : 3.84%;margin-left : 3.84%;}}@media only screen and (max-width:640px) {.fusion-body .fusion-builder-column-24{width:50% !important;order : 0;}.fusion-builder-column-24 > .fusion-column-wrapper {margin-right : 3.84%;margin-left : 3.84%;}}<\/style><\/div><div class=\"fusion-layout-column fusion_builder_column fusion-builder-column-25 fusion_builder_column_1_2 1_2 fusion-flex-column\"><div class=\"fusion-column-wrapper fusion-flex-justify-content-flex-start fusion-content-layout-column\" style=\"background-position:left top;background-repeat:no-repeat;-webkit-background-size:cover;-moz-background-size:cover;-o-background-size:cover;background-size:cover;padding: 0px 0px 0px 0px;\"><div ><style>.fusion-imageframe.imageframe-24{ margin-bottom : 15px;}.fusion-imageframe.imageframe-24 img{aspect-ratio:2 \/ 1;object-position:50% 6%;}<\/style><span class=\" fusion-imageframe imageframe-none imageframe-24 hover-type-none has-aspect-ratio\"><a class=\"fusion-no-lightbox\" href=\"https:\/\/www.whoi.edu\/oceanus\/feature\/is-the-great-barrier-reef-making-a-comeback\/\" target=\"_blank\" aria-label=\"general-scene-of-bleached-acropora\" rel=\"noopener noreferrer\"><img decoding=\"async\" width=\"1920\" height=\"1080\" src=\"https:\/\/forbetterpurpose.eu\/wp-content\/uploads\/2024\/05\/general-scene-of-bleached-acropora.jpg\" class=\"img-responsive wp-image-4749 img-with-aspect-ratio\" alt srcset=\"https:\/\/forbetterpurpose.eu\/wp-content\/uploads\/2024\/05\/general-scene-of-bleached-acropora-200x113.jpg 200w, https:\/\/forbetterpurpose.eu\/wp-content\/uploads\/2024\/05\/general-scene-of-bleached-acropora-400x225.jpg 400w, https:\/\/forbetterpurpose.eu\/wp-content\/uploads\/2024\/05\/general-scene-of-bleached-acropora-600x338.jpg 600w, https:\/\/forbetterpurpose.eu\/wp-content\/uploads\/2024\/05\/general-scene-of-bleached-acropora-800x450.jpg 800w, https:\/\/forbetterpurpose.eu\/wp-content\/uploads\/2024\/05\/general-scene-of-bleached-acropora-1200x675.jpg 1200w, https:\/\/forbetterpurpose.eu\/wp-content\/uploads\/2024\/05\/general-scene-of-bleached-acropora.jpg 1920w\" sizes=\"(max-width: 640px) 100vw, 600px\" \/><\/a><\/span><\/div><div class=\"fusion-text fusion-text-71\" style=\"font-size:12px;line-height:1.4;color:var(--awb-color8);\"><p class=\"fl-post-title\">\n            <a href=\"https:\/\/www.whoi.edu\/oceanus\/feature\/is-the-great-barrier-reef-making-a-comeback\/\" target=\"_blank\" rel=\"noopener\"><br \/>\n              <strong>\u00bfSe est\u00e1 recuperando la Gran Barrera de Coral?<\/strong><br \/>\n            <\/a>\n          <\/p>\n<\/div><div class=\"fusion-text fusion-text-72\" style=\"font-size:12px;line-height:1.4;color:var(--awb-color6);\"><p>\n            <a href=\"https:\/\/www.whoi.edu\/oceanus\/feature\/is-the-great-barrier-reef-making-a-comeback\/\" target=\"_blank\" rel=\"noopener\">El mayor arrecife del mundo registr\u00f3 un crecimiento r\u00e9cord tras a\u00f1os de blanqueamiento, pero a\u00fan no est\u00e1 fuera de peligro<\/a>\n          <\/p>\n<\/div><div class=\"fusion-text fusion-text-73\" style=\"font-size:12px;line-height:0.8;color:var(--awb-color8);font-family:Arial, Helvetica, sans-serif;font-weight:400;\"><p>\n            <u><br \/>\n              <a href=\"https:\/\/www.whoi.edu\/oceanus\/feature\/is-the-great-barrier-reef-making-a-comeback\/\" target=\"_blank\" rel=\"noopener\">Leer m\u00e1s<\/a><br \/>\n              <u><\/u><br \/>\n            <\/u>\n          <\/p>\n<\/div><\/div><style type=\"text\/css\">.fusion-body .fusion-builder-column-25{width:50% !important;margin-top : 0px;margin-bottom : 20px;}.fusion-builder-column-25 > .fusion-column-wrapper {padding-top : 0px !important;padding-right : 0px !important;margin-right : 3.84%;padding-bottom : 0px !important;padding-left : 0px !important;margin-left : 3.84%;}@media only screen and (max-width:1024px) {.fusion-body .fusion-builder-column-25{width:50% !important;order : 0;}.fusion-builder-column-25 > .fusion-column-wrapper {margin-right : 3.84%;margin-left : 3.84%;}}@media only screen and (max-width:640px) {.fusion-body .fusion-builder-column-25{width:50% !important;order : 0;}.fusion-builder-column-25 > .fusion-column-wrapper {margin-right : 3.84%;margin-left : 3.84%;}}<\/style><\/div><div class=\"fusion-layout-column fusion_builder_column fusion-builder-column-26 fusion_builder_column_1_2 1_2 fusion-flex-column\"><div class=\"fusion-column-wrapper fusion-flex-justify-content-flex-start fusion-content-layout-column\" style=\"background-position:left top;background-repeat:no-repeat;-webkit-background-size:cover;-moz-background-size:cover;-o-background-size:cover;background-size:cover;padding: 0px 0px 0px 0px;\"><div ><style>.fusion-imageframe.imageframe-25{ margin-bottom : 15px;}.fusion-imageframe.imageframe-25 img{aspect-ratio:2 \/ 1;object-position:39% 52%;}<\/style><span class=\" fusion-imageframe imageframe-none imageframe-25 hover-type-none has-aspect-ratio\"><a class=\"fusion-no-lightbox\" href=\"https:\/\/www.investopedia.com\/terms\/s\/sustainability.asp\" target=\"_blank\" aria-label=\"terms_s_sustainability_FINAL-78ce04eecd9b42e8ab1222b98c6aa79e\" rel=\"noopener noreferrer\"><img decoding=\"async\" width=\"750\" height=\"500\" src=\"https:\/\/forbetterpurpose.eu\/wp-content\/uploads\/2024\/05\/terms_s_sustainability_FINAL-78ce04eecd9b42e8ab1222b98c6aa79e.jpg\" class=\"img-responsive wp-image-5014 img-with-aspect-ratio\" alt srcset=\"https:\/\/forbetterpurpose.eu\/wp-content\/uploads\/2024\/05\/terms_s_sustainability_FINAL-78ce04eecd9b42e8ab1222b98c6aa79e-200x133.jpg 200w, https:\/\/forbetterpurpose.eu\/wp-content\/uploads\/2024\/05\/terms_s_sustainability_FINAL-78ce04eecd9b42e8ab1222b98c6aa79e-400x267.jpg 400w, https:\/\/forbetterpurpose.eu\/wp-content\/uploads\/2024\/05\/terms_s_sustainability_FINAL-78ce04eecd9b42e8ab1222b98c6aa79e-600x400.jpg 600w, https:\/\/forbetterpurpose.eu\/wp-content\/uploads\/2024\/05\/terms_s_sustainability_FINAL-78ce04eecd9b42e8ab1222b98c6aa79e.jpg 750w\" sizes=\"(max-width: 640px) 100vw, 600px\" \/><\/a><\/span><\/div><div class=\"fusion-text fusion-text-74\" style=\"font-size:12px;line-height:1.4;color:var(--awb-color8);\"><p id=\"article-heading_1-0\" class=\"comp article-heading mntl-text-block\">\n            <a href=\"https:\/\/www.investopedia.com\/terms\/s\/sustainability.asp\" target=\"_blank\" rel=\"noopener\"><br \/>\n              <strong>\u00bfQu\u00e9 es la sostenibilidad? C\u00f3mo funciona la sostenibilidad, ventajas y ejemplo<\/strong><br \/>\n            <\/a>\n          <\/p>\n<\/div><div class=\"fusion-text fusion-text-75\" style=\"font-size:12px;line-height:1.4;color:var(--awb-color6);\"><p>\n            <a href=\"https:\/\/www.investopedia.com\/terms\/s\/sustainability.asp\" target=\"_blank\" rel=\"noopener\">En contextos empresariales y pol\u00edticos, la sostenibilidad trata de evitar el agotamiento de los recursos naturales o f\u00edsicos, para que sigan estando disponibles a largo plazo.<\/a>\n          <\/p>\n<\/div><div class=\"fusion-text fusion-text-76\" style=\"font-size:12px;line-height:0.8;color:var(--awb-color8);font-family:Arial, Helvetica, sans-serif;font-weight:400;\"><p>\n            <u><br \/>\n              <a href=\"https:\/\/www.investopedia.com\/terms\/s\/sustainability.asp\" target=\"_blank\" rel=\"noopener\">Leer m\u00e1s<\/a><br \/>\n              <u><\/u><br \/>\n            <\/u>\n          <\/p>\n<\/div><\/div><style type=\"text\/css\">.fusion-body .fusion-builder-column-26{width:50% !important;margin-top : 0px;margin-bottom : 20px;}.fusion-builder-column-26 > .fusion-column-wrapper {padding-top : 0px !important;padding-right : 0px !important;margin-right : 3.84%;padding-bottom : 0px !important;padding-left : 0px !important;margin-left : 3.84%;}@media only screen and (max-width:1024px) {.fusion-body .fusion-builder-column-26{width:50% !important;order : 0;}.fusion-builder-column-26 > .fusion-column-wrapper {margin-right : 3.84%;margin-left : 3.84%;}}@media only screen and (max-width:640px) {.fusion-body .fusion-builder-column-26{width:50% !important;order : 0;}.fusion-builder-column-26 > .fusion-column-wrapper {margin-right : 3.84%;margin-left : 3.84%;}}<\/style><\/div><div class=\"fusion-layout-column fusion_builder_column fusion-builder-column-27 fusion_builder_column_1_2 1_2 fusion-flex-column\"><div class=\"fusion-column-wrapper fusion-flex-justify-content-flex-start fusion-content-layout-column\" style=\"background-position:left top;background-repeat:no-repeat;-webkit-background-size:cover;-moz-background-size:cover;-o-background-size:cover;background-size:cover;padding: 0px 0px 0px 0px;\"><div ><style>.fusion-imageframe.imageframe-26{ margin-bottom : 15px;}.fusion-imageframe.imageframe-26 img{aspect-ratio:2 \/ 1;object-position:39% 52%;}<\/style><span class=\" fusion-imageframe imageframe-none imageframe-26 hover-type-none has-aspect-ratio\"><a class=\"fusion-no-lightbox\" href=\"https:\/\/education.nationalgeographic.org\/resource\/how-climate-change-impacts-water-access\/\" target=\"_blank\" aria-label=\"herder-collecting-water\" rel=\"noopener noreferrer\"><img decoding=\"async\" width=\"860\" height=\"580\" src=\"https:\/\/forbetterpurpose.eu\/wp-content\/uploads\/2024\/05\/herder-collecting-water.jpg\" class=\"img-responsive wp-image-5000 img-with-aspect-ratio\" alt srcset=\"https:\/\/forbetterpurpose.eu\/wp-content\/uploads\/2024\/05\/herder-collecting-water-200x135.jpg 200w, https:\/\/forbetterpurpose.eu\/wp-content\/uploads\/2024\/05\/herder-collecting-water-400x270.jpg 400w, https:\/\/forbetterpurpose.eu\/wp-content\/uploads\/2024\/05\/herder-collecting-water-600x405.jpg 600w, https:\/\/forbetterpurpose.eu\/wp-content\/uploads\/2024\/05\/herder-collecting-water-800x540.jpg 800w, https:\/\/forbetterpurpose.eu\/wp-content\/uploads\/2024\/05\/herder-collecting-water.jpg 860w\" sizes=\"(max-width: 640px) 100vw, 600px\" \/><\/a><\/span><\/div><div class=\"fusion-text fusion-text-77\" style=\"font-size:12px;line-height:1.4;color:var(--awb-color8);\"><p class=\"fl-post-title\">\n            <a href=\"https:\/\/education.nationalgeographic.org\/resource\/how-climate-change-impacts-water-access\/\" target=\"_blank\" rel=\"noopener\"><br \/>\n              <strong>C\u00f3mo afecta el cambio clim\u00e1tico al acceso al agua<\/strong><br \/>\n            <\/a>\n          <\/p>\n<\/div><div class=\"fusion-text fusion-text-78\" style=\"font-size:12px;line-height:1.4;color:var(--awb-color6);\"><p>\n            <a href=\"https:\/\/education.nationalgeographic.org\/resource\/how-climate-change-impacts-water-access\/\" target=\"_blank\" rel=\"noopener\">El ciclo del agua forma parte de nuestra vida cotidiana, pero el cambio clim\u00e1tico puede tener consecuencias nefastas para el acceso diario al agua.<\/a>\n          <\/p>\n<\/div><div class=\"fusion-text fusion-text-79\" style=\"font-size:12px;line-height:0.8;color:var(--awb-color8);font-family:Arial, Helvetica, sans-serif;font-weight:400;\"><p>\n            <u><br \/>\n              <a href=\"https:\/\/education.nationalgeographic.org\/resource\/how-climate-change-impacts-water-access\/\" target=\"_blank\" rel=\"noopener\">Leer m\u00e1s<\/a><br \/>\n              <u><\/u><br \/>\n            <\/u>\n          <\/p>\n<\/div><\/div><style type=\"text\/css\">.fusion-body .fusion-builder-column-27{width:50% !important;margin-top : 0px;margin-bottom : 20px;}.fusion-builder-column-27 > .fusion-column-wrapper {padding-top : 0px !important;padding-right : 0px !important;margin-right : 3.84%;padding-bottom : 0px !important;padding-left : 0px !important;margin-left : 3.84%;}@media only screen and (max-width:1024px) {.fusion-body .fusion-builder-column-27{width:50% !important;order : 0;}.fusion-builder-column-27 > .fusion-column-wrapper {margin-right : 3.84%;margin-left : 3.84%;}}@media only screen and (max-width:640px) {.fusion-body .fusion-builder-column-27{width:50% !important;order : 0;}.fusion-builder-column-27 > .fusion-column-wrapper {margin-right : 3.84%;margin-left : 3.84%;}}<\/style><\/div><div class=\"fusion-layout-column fusion_builder_column fusion-builder-column-28 fusion_builder_column_1_2 1_2 fusion-flex-column\"><div class=\"fusion-column-wrapper fusion-flex-justify-content-flex-start fusion-content-layout-column\" style=\"background-position:left top;background-repeat:no-repeat;-webkit-background-size:cover;-moz-background-size:cover;-o-background-size:cover;background-size:cover;padding: 0px 0px 0px 0px;\"><div ><style>.fusion-imageframe.imageframe-27{ margin-bottom : 15px;}.fusion-imageframe.imageframe-27 img{aspect-ratio:2 \/ 1;object-position:39% 52%;}<\/style><span class=\" fusion-imageframe imageframe-none imageframe-27 hover-type-none has-aspect-ratio\"><a class=\"fusion-no-lightbox\" href=\"https:\/\/education.nationalgeographic.org\/resource\/ask-amazon-expert-why-we-cant-afford-lose-rain-forest\/\" target=\"_blank\" aria-label=\"rainy-rainforest\" rel=\"noopener noreferrer\"><img decoding=\"async\" width=\"860\" height=\"580\" src=\"https:\/\/forbetterpurpose.eu\/wp-content\/uploads\/2024\/05\/rainy-rainforest.jpg\" class=\"img-responsive wp-image-5007 img-with-aspect-ratio\" alt srcset=\"https:\/\/forbetterpurpose.eu\/wp-content\/uploads\/2024\/05\/rainy-rainforest-200x135.jpg 200w, https:\/\/forbetterpurpose.eu\/wp-content\/uploads\/2024\/05\/rainy-rainforest-400x270.jpg 400w, https:\/\/forbetterpurpose.eu\/wp-content\/uploads\/2024\/05\/rainy-rainforest-600x405.jpg 600w, https:\/\/forbetterpurpose.eu\/wp-content\/uploads\/2024\/05\/rainy-rainforest-800x540.jpg 800w, https:\/\/forbetterpurpose.eu\/wp-content\/uploads\/2024\/05\/rainy-rainforest.jpg 860w\" sizes=\"(max-width: 640px) 100vw, 600px\" \/><\/a><\/span><\/div><div class=\"fusion-text fusion-text-80\" style=\"font-size:12px;line-height:1.4;color:var(--awb-color8);\"><p>\n            <strong><br \/>\n              <a href=\"https:\/\/education.nationalgeographic.org\/resource\/ask-amazon-expert-why-we-cant-afford-lose-rain-forest\/\" target=\"_blank\" rel=\"noopener\">Pregunta a un experto en la Amazonia: Por qu\u00e9 no podemos permitirnos perder la selva tropical<\/a><br \/>\n            <\/strong>\n          <\/p>\n<\/div><div class=\"fusion-text fusion-text-81\" style=\"font-size:12px;line-height:1.4;color:var(--awb-color6);\"><p>\n            <a href=\"https:\/\/education.nationalgeographic.org\/resource\/ask-amazon-expert-why-we-cant-afford-lose-rain-forest\/\" target=\"_blank\" rel=\"noopener\">El Dr. Thomas Lovejoy, cient\u00edfico y becario de National Geographic, lidera la lucha contra la deforestaci\u00f3n y la protecci\u00f3n del Amazonas.<\/a>\n          <\/p>\n<\/div><div class=\"fusion-text fusion-text-82\" style=\"font-size:12px;line-height:0.8;color:var(--awb-color8);font-family:Arial, Helvetica, sans-serif;font-weight:400;\"><p>\n            <u><br \/>\n              <a href=\"https:\/\/education.nationalgeographic.org\/resource\/ask-amazon-expert-why-we-cant-afford-lose-rain-forest\/\" target=\"_blank\" rel=\"noopener\">Leer m\u00e1s<\/a><br \/>\n              <u><\/u><br \/>\n            <\/u>\n          <\/p>\n<\/div><\/div><style type=\"text\/css\">.fusion-body .fusion-builder-column-28{width:50% !important;margin-top : 0px;margin-bottom : 20px;}.fusion-builder-column-28 > .fusion-column-wrapper {padding-top : 0px !important;padding-right : 0px !important;margin-right : 3.84%;padding-bottom : 0px !important;padding-left : 0px !important;margin-left : 3.84%;}@media only screen and (max-width:1024px) {.fusion-body .fusion-builder-column-28{width:50% !important;order : 0;}.fusion-builder-column-28 > .fusion-column-wrapper {margin-right : 3.84%;margin-left : 3.84%;}}@media only screen and (max-width:640px) {.fusion-body .fusion-builder-column-28{width:50% !important;order : 0;}.fusion-builder-column-28 > .fusion-column-wrapper {margin-right : 3.84%;margin-left : 3.84%;}}<\/style><\/div><div class=\"fusion-layout-column fusion_builder_column fusion-builder-column-29 fusion_builder_column_1_2 1_2 fusion-flex-column\"><div class=\"fusion-column-wrapper fusion-flex-justify-content-flex-start fusion-content-layout-column\" style=\"background-position:left top;background-repeat:no-repeat;-webkit-background-size:cover;-moz-background-size:cover;-o-background-size:cover;background-size:cover;padding: 0px 0px 0px 0px;\"><div ><style>.fusion-imageframe.imageframe-28{ margin-bottom : 15px;}.fusion-imageframe.imageframe-28 img{aspect-ratio:2 \/ 1;object-position:39% 52%;}<\/style><span class=\" fusion-imageframe imageframe-none imageframe-28 hover-type-none has-aspect-ratio\"><a class=\"fusion-no-lightbox\" href=\"https:\/\/www.twi-global.com\/technical-knowledge\/faqs\/faq-what-is-sustainability#Whatarethe3PrinciplesofSustainability\" target=\"_blank\" aria-label=\"CachedImage.axd\" rel=\"noopener noreferrer\"><img decoding=\"async\" width=\"784\" height=\"379\" src=\"https:\/\/forbetterpurpose.eu\/wp-content\/uploads\/2024\/05\/CachedImage.axd_.jpeg\" class=\"img-responsive wp-image-5022 img-with-aspect-ratio\" alt srcset=\"https:\/\/forbetterpurpose.eu\/wp-content\/uploads\/2024\/05\/CachedImage.axd_-200x97.jpeg 200w, https:\/\/forbetterpurpose.eu\/wp-content\/uploads\/2024\/05\/CachedImage.axd_-400x193.jpeg 400w, https:\/\/forbetterpurpose.eu\/wp-content\/uploads\/2024\/05\/CachedImage.axd_-600x290.jpeg 600w, https:\/\/forbetterpurpose.eu\/wp-content\/uploads\/2024\/05\/CachedImage.axd_.jpeg 784w\" sizes=\"(max-width: 640px) 100vw, 600px\" \/><\/a><\/span><\/div><div class=\"fusion-text fusion-text-83\" style=\"font-size:12px;line-height:1.4;color:var(--awb-color8);\"><p>\n            <a href=\"https:\/\/www.twi-global.com\/technical-knowledge\/faqs\/faq-what-is-sustainability#Whatarethe3PrinciplesofSustainability\" target=\"_blank\" rel=\"noopener\"><br \/>\n              <strong>\u00bfQU\u00c9 ES LA SOSTENIBILIDAD Y POR QU\u00c9 ES TAN IMPORTANTE?<\/strong><br \/>\n            <\/a>\n          <\/p>\n<\/div><div class=\"fusion-text fusion-text-84\" style=\"font-size:12px;line-height:1.4;color:var(--awb-color6);\"><p class=\"twi_paragraph-bold\">\n            <a href=\"https:\/\/www.twi-global.com\/technical-knowledge\/faqs\/faq-what-is-sustainability#Whatarethe3PrinciplesofSustainability\" target=\"_blank\" rel=\"noopener\">La sostenibilidad es la capacidad de existir y desarrollarse sin agotar los recursos naturales para el futuro.<\/a>\n          <\/p>\n<\/div><div class=\"fusion-text fusion-text-85\" style=\"font-size:12px;line-height:0.8;color:var(--awb-color8);font-family:Arial, Helvetica, sans-serif;font-weight:400;\"><p>\n            <u><br \/>\n              <a href=\"https:\/\/www.twi-global.com\/technical-knowledge\/faqs\/faq-what-is-sustainability#Whatarethe3PrinciplesofSustainability\" target=\"_blank\" rel=\"noopener\">Leer m\u00e1s<\/a><br \/>\n              <u><\/u><br \/>\n            <\/u>\n          <\/p>\n<\/div><\/div><style type=\"text\/css\">.fusion-body .fusion-builder-column-29{width:50% !important;margin-top : 0px;margin-bottom : 20px;}.fusion-builder-column-29 > .fusion-column-wrapper {padding-top : 0px !important;padding-right : 0px !important;margin-right : 3.84%;padding-bottom : 0px !important;padding-left : 0px !important;margin-left : 3.84%;}@media only screen and (max-width:1024px) {.fusion-body .fusion-builder-column-29{width:50% !important;order : 0;}.fusion-builder-column-29 > .fusion-column-wrapper {margin-right : 3.84%;margin-left : 3.84%;}}@media only screen and (max-width:640px) {.fusion-body .fusion-builder-column-29{width:50% !important;order : 0;}.fusion-builder-column-29 > .fusion-column-wrapper {margin-right : 3.84%;margin-left : 3.84%;}}<\/style><\/div><div class=\"fusion-layout-column fusion_builder_column fusion-builder-column-30 fusion_builder_column_1_2 1_2 fusion-flex-column\"><div class=\"fusion-column-wrapper fusion-flex-justify-content-flex-start fusion-content-layout-column\" style=\"background-position:left top;background-repeat:no-repeat;-webkit-background-size:cover;-moz-background-size:cover;-o-background-size:cover;background-size:cover;padding: 0px 0px 0px 0px;\"><div ><style>.fusion-imageframe.imageframe-29{ margin-bottom : 15px;}.fusion-imageframe.imageframe-29 img{aspect-ratio:2 \/ 1;object-position:39% 52%;}<\/style><span class=\" fusion-imageframe imageframe-none imageframe-29 hover-type-none has-aspect-ratio\"><a class=\"fusion-no-lightbox\" href=\"https:\/\/online.hbs.edu\/blog\/post\/what-is-sustainability-in-business\" target=\"_blank\" aria-label=\"0212294CC6113F6FE751B232B6C02DD3\" rel=\"noopener noreferrer\"><img decoding=\"async\" width=\"750\" height=\"375\" src=\"https:\/\/forbetterpurpose.eu\/wp-content\/uploads\/2024\/05\/0212294CC6113F6FE751B232B6C02DD3.webp\" class=\"img-responsive wp-image-5029 img-with-aspect-ratio\" alt srcset=\"https:\/\/forbetterpurpose.eu\/wp-content\/uploads\/2024\/05\/0212294CC6113F6FE751B232B6C02DD3-200x100.webp 200w, https:\/\/forbetterpurpose.eu\/wp-content\/uploads\/2024\/05\/0212294CC6113F6FE751B232B6C02DD3-300x150.webp 300w, https:\/\/forbetterpurpose.eu\/wp-content\/uploads\/2024\/05\/0212294CC6113F6FE751B232B6C02DD3-400x200.webp 400w, https:\/\/forbetterpurpose.eu\/wp-content\/uploads\/2024\/05\/0212294CC6113F6FE751B232B6C02DD3-500x250.webp 500w, https:\/\/forbetterpurpose.eu\/wp-content\/uploads\/2024\/05\/0212294CC6113F6FE751B232B6C02DD3-600x300.webp 600w, https:\/\/forbetterpurpose.eu\/wp-content\/uploads\/2024\/05\/0212294CC6113F6FE751B232B6C02DD3-700x350.webp 700w, https:\/\/forbetterpurpose.eu\/wp-content\/uploads\/2024\/05\/0212294CC6113F6FE751B232B6C02DD3.webp 750w\" sizes=\"(max-width: 640px) 100vw, 600px\" \/><\/a><\/span><\/div><div class=\"fusion-text fusion-text-86\" style=\"font-size:12px;line-height:1.4;color:var(--awb-color8);\"><p class=\"delta-uc mb12\">\n            <a href=\"https:\/\/online.hbs.edu\/blog\/post\/what-is-sustainability-in-business\" target=\"_blank\" rel=\"noopener\"><br \/>\n              <strong>\u00bfQU\u00c9 SIGNIFICA \u00abSOSTENIBILIDAD\u00bb EN LA EMPRESA?<\/strong><br \/>\n            <\/a>\n          <\/p>\n<\/div><div class=\"fusion-text fusion-text-87\" style=\"font-size:12px;line-height:1.4;color:var(--awb-color6);\"><p>\n            <a href=\"https:\/\/online.hbs.edu\/blog\/post\/what-is-sustainability-in-business\" target=\"_blank\" rel=\"noopener\">Un n\u00famero creciente de organizaciones est\u00e1n integrando la sostenibilidad en su estrategia empresarial, d\u00e1ndose cuenta de que pueden hacer el bien haciendo el bien.<\/a>\n          <\/p>\n<\/div><div class=\"fusion-text fusion-text-88\" style=\"font-size:12px;line-height:0.8;color:var(--awb-color8);font-family:Arial, Helvetica, sans-serif;font-weight:400;\"><p>\n            <u><br \/>\n              <a href=\"https:\/\/www.twi-global.com\/technical-knowledge\/faqs\/faq-what-is-sustainability#Whatarethe3PrinciplesofSustainability\" target=\"_blank\" rel=\"noopener\">Leer m\u00e1s<\/a><br \/>\n              <u><\/u><br \/>\n            <\/u>\n          <\/p>\n<\/div><\/div><style type=\"text\/css\">.fusion-body .fusion-builder-column-30{width:50% !important;margin-top : 0px;margin-bottom : 20px;}.fusion-builder-column-30 > .fusion-column-wrapper {padding-top : 0px !important;padding-right : 0px !important;margin-right : 3.84%;padding-bottom : 0px !important;padding-left : 0px !important;margin-left : 3.84%;}@media only screen and (max-width:1024px) {.fusion-body .fusion-builder-column-30{width:50% !important;order : 0;}.fusion-builder-column-30 > .fusion-column-wrapper {margin-right : 3.84%;margin-left : 3.84%;}}@media only screen and (max-width:640px) {.fusion-body .fusion-builder-column-30{width:50% !important;order : 0;}.fusion-builder-column-30 > .fusion-column-wrapper {margin-right : 3.84%;margin-left : 3.84%;}}<\/style><\/div><div class=\"fusion-layout-column fusion_builder_column fusion-builder-column-31 fusion_builder_column_1_2 1_2 fusion-flex-column\"><div class=\"fusion-column-wrapper fusion-flex-justify-content-flex-start fusion-content-layout-column\" style=\"background-position:left top;background-repeat:no-repeat;-webkit-background-size:cover;-moz-background-size:cover;-o-background-size:cover;background-size:cover;padding: 0px 0px 0px 0px;\"><div ><style>.fusion-imageframe.imageframe-30{ margin-bottom : 15px;}.fusion-imageframe.imageframe-30 img{aspect-ratio:2 \/ 1;object-position:44% 49%;}<\/style><span class=\" fusion-imageframe imageframe-none imageframe-30 hover-type-none has-aspect-ratio\"><a class=\"fusion-no-lightbox\" href=\"https:\/\/www.un.org\/en\/climatechange\/what-is-climate-change\" target=\"_blank\" aria-label=\"feeling-the-heat\" rel=\"noopener noreferrer\"><img decoding=\"async\" width=\"1000\" height=\"563\" src=\"https:\/\/forbetterpurpose.eu\/wp-content\/uploads\/2024\/05\/feeling-the-heat.jpg\" class=\"img-responsive wp-image-5042 img-with-aspect-ratio\" alt srcset=\"https:\/\/forbetterpurpose.eu\/wp-content\/uploads\/2024\/05\/feeling-the-heat-200x113.jpg 200w, https:\/\/forbetterpurpose.eu\/wp-content\/uploads\/2024\/05\/feeling-the-heat-400x225.jpg 400w, https:\/\/forbetterpurpose.eu\/wp-content\/uploads\/2024\/05\/feeling-the-heat-600x338.jpg 600w, https:\/\/forbetterpurpose.eu\/wp-content\/uploads\/2024\/05\/feeling-the-heat-800x450.jpg 800w, https:\/\/forbetterpurpose.eu\/wp-content\/uploads\/2024\/05\/feeling-the-heat.jpg 1000w\" sizes=\"(max-width: 640px) 100vw, 600px\" \/><\/a><\/span><\/div><div class=\"fusion-text fusion-text-89\" style=\"font-size:12px;line-height:1.4;color:var(--awb-color8);\"><p class=\"page-header\">\n            <a href=\"https:\/\/www.un.org\/en\/climatechange\/what-is-climate-change\" target=\"_blank\" rel=\"noopener\"><br \/>\n              <strong>\u00bfQu\u00e9 es el cambio clim\u00e1tico?<\/strong><br \/>\n            <\/a>\n          <\/p>\n<\/div><div class=\"fusion-text fusion-text-90\" style=\"font-size:12px;line-height:1.4;color:var(--awb-color6);\"><p class=\"twi_paragraph-bold\">\n            <a href=\"https:\/\/www.un.org\/en\/climatechange\/what-is-climate-change\" target=\"_blank\" rel=\"noopener\">El cambio clim\u00e1tico se refiere a los cambios a largo plazo de las temperaturas y los patrones meteorol\u00f3gicos. Estos desplazamientos pueden ser naturales, debidos a cambios en la actividad solar o a grandes erupciones volc\u00e1nicas.<\/a>\n          <\/p>\n<\/div><div class=\"fusion-text fusion-text-91\" style=\"font-size:12px;line-height:0.8;color:var(--awb-color8);font-family:Arial, Helvetica, sans-serif;font-weight:400;\"><p>\n            <u><br \/>\n              <a href=\"https:\/\/www.twi-global.com\/technical-knowledge\/faqs\/faq-what-is-sustainability#Whatarethe3PrinciplesofSustainability\" target=\"_blank\" rel=\"noopener\">Leer m\u00e1s<\/a><br \/>\n              <u><\/u><br \/>\n            <\/u>\n          <\/p>\n<\/div><\/div><style type=\"text\/css\">.fusion-body .fusion-builder-column-31{width:50% !important;margin-top : 0px;margin-bottom : 20px;}.fusion-builder-column-31 > .fusion-column-wrapper {padding-top : 0px !important;padding-right : 0px !important;margin-right : 3.84%;padding-bottom : 0px !important;padding-left : 0px !important;margin-left : 3.84%;}@media only screen and (max-width:1024px) {.fusion-body .fusion-builder-column-31{width:50% !important;order : 0;}.fusion-builder-column-31 > .fusion-column-wrapper {margin-right : 3.84%;margin-left : 3.84%;}}@media only screen and (max-width:640px) {.fusion-body .fusion-builder-column-31{width:50% !important;order : 0;}.fusion-builder-column-31 > .fusion-column-wrapper {margin-right : 3.84%;margin-left : 3.84%;}}<\/style><\/div><\/div><style type=\"text\/css\">.fusion-body .fusion-flex-container.fusion-builder-row-2{ padding-top : 0px;margin-top : 0px;padding-right : 0px;padding-bottom : 0px;margin-bottom : 0px;padding-left : 0px;}<\/style><\/div><\/p>\n","protected":false},"excerpt":{"rendered":"","protected":false},"author":1,"featured_media":0,"parent":0,"menu_order":0,"comment_status":"closed","ping_status":"closed","template":"100-width.php","meta":{"footnotes":""},"class_list":["post-4671","page","type-page","status-publish","hentry"],"_links":{"self":[{"href":"https:\/\/forbetterpurpose.eu\/es\/wp-json\/wp\/v2\/pages\/4671","targetHints":{"allow":["GET"]}}],"collection":[{"href":"https:\/\/forbetterpurpose.eu\/es\/wp-json\/wp\/v2\/pages"}],"about":[{"href":"https:\/\/forbetterpurpose.eu\/es\/wp-json\/wp\/v2\/types\/page"}],"author":[{"embeddable":true,"href":"https:\/\/forbetterpurpose.eu\/es\/wp-json\/wp\/v2\/users\/1"}],"replies":[{"embeddable":true,"href":"https:\/\/forbetterpurpose.eu\/es\/wp-json\/wp\/v2\/comments?post=4671"}],"version-history":[{"count":17,"href":"https:\/\/forbetterpurpose.eu\/es\/wp-json\/wp\/v2\/pages\/4671\/revisions"}],"predecessor-version":[{"id":6068,"href":"https:\/\/forbetterpurpose.eu\/es\/wp-json\/wp\/v2\/pages\/4671\/revisions\/6068"}],"wp:attachment":[{"href":"https:\/\/forbetterpurpose.eu\/es\/wp-json\/wp\/v2\/media?parent=4671"}],"curies":[{"name":"wp","href":"https:\/\/api.w.org\/{rel}","templated":true}]}}